{"id":1168,"date":"2024-01-19T16:15:55","date_gmt":"2024-01-19T15:15:55","guid":{"rendered":"https:\/\/automaxl.ch\/declaration-de-confidentialite\/"},"modified":"2026-01-26T08:16:09","modified_gmt":"2026-01-26T07:16:09","slug":"declaration-de-confidentialite","status":"publish","type":"page","link":"https:\/\/automaxl.ch\/fr\/declaration-de-confidentialite\/","title":{"rendered":"D\u00e9claration de confidentialit\u00e9"},"content":{"rendered":"<p>[et_pb_section fb_built=\u00a0\u00bb1&Prime; _builder_version=\u00a0\u00bb4.24.0&Prime; _module_preset=\u00a0\u00bbdefault\u00a0\u00bb custom_margin=\u00a0\u00bb0px||0px||true|false\u00a0\u00bb custom_padding=\u00a0\u00bb0px||0px||true|false\u00a0\u00bb global_colors_info=\u00a0\u00bb{}\u00a0\u00bb][et_pb_row _builder_version=\u00a0\u00bb4.24.0&Prime; _module_preset=\u00a0\u00bbdefault\u00a0\u00bb background_image=\u00a0\u00bbhttps:\/\/automaxl.ch\/wp-content\/uploads\/2024\/02\/lorenzo-hamers-9njClq6GPG0-unsplash.jpg\u00a0\u00bb width=\u00a0\u00bb100%\u00a0\u00bb max_width=\u00a0\u00bb100%\u00a0\u00bb module_alignment=\u00a0\u00bbcenter\u00a0\u00bb custom_margin=\u00a0\u00bb0px||0px||true|false\u00a0\u00bb custom_padding=\u00a0\u00bb8vw||8vw||true|false\u00a0\u00bb global_colors_info=\u00a0\u00bb{}\u00a0\u00bb][et_pb_column type=\u00a0\u00bb4_4&Prime; _builder_version=\u00a0\u00bb4.24.0&Prime; _module_preset=\u00a0\u00bbdefault\u00a0\u00bb global_colors_info=\u00a0\u00bb{}\u00a0\u00bb][\/et_pb_column][\/et_pb_row][\/et_pb_section][et_pb_section fb_built=\u00a0\u00bb1&Prime; custom_padding_last_edited=\u00a0\u00bbon|phone\u00a0\u00bb _builder_version=\u00a0\u00bb4.22.1&Prime; _module_preset=\u00a0\u00bbdefault\u00a0\u00bb background_color=\u00a0\u00bb#23262d\u00a0\u00bb custom_margin=\u00a0\u00bb0px||0px||false|false\u00a0\u00bb custom_padding=\u00a0\u00bb90px||90px||true|false\u00a0\u00bb custom_padding_tablet=\u00a0\u00bb||||false|false\u00a0\u00bb custom_padding_phone=\u00a0\u00bb50px||50px||true|false\u00a0\u00bb animation_direction=\u00a0\u00bbright\u00a0\u00bb global_colors_info=\u00a0\u00bb{}\u00a0\u00bb][et_pb_row _builder_version=\u00a0\u00bb4.24.0&Prime; _module_preset=\u00a0\u00bbdefault\u00a0\u00bb global_colors_info=\u00a0\u00bb{}\u00a0\u00bb][et_pb_column type=\u00a0\u00bb4_4&Prime; _builder_version=\u00a0\u00bb4.22.1&Prime; _module_preset=\u00a0\u00bbdefault\u00a0\u00bb global_colors_info=\u00a0\u00bb{}\u00a0\u00bb][et_pb_text _builder_version=\u00a0\u00bb4.24.0&Prime; _module_preset=\u00a0\u00bbdefault\u00a0\u00bb background_layout=\u00a0\u00bbdark\u00a0\u00bb global_colors_info=\u00a0\u00bb{}\u00a0\u00bb]<\/p>\n<h4>Responsable<\/h4>\n<p>[\/et_pb_text][et_pb_text _builder_version=\u00a0\u00bb4.24.0&Prime; _module_preset=\u00a0\u00bbdefault\u00a0\u00bb global_colors_info=\u00a0\u00bb{}\u00a0\u00bb]<\/p>\n<h1>Protection des donn\u00e9es<\/h1>\n<p>[\/et_pb_text][\/et_pb_column][\/et_pb_row][et_pb_row gutter_width=\u00a0\u00bb2&Prime; _builder_version=\u00a0\u00bb4.24.0&Prime; _module_preset=\u00a0\u00bbdefault\u00a0\u00bb global_colors_info=\u00a0\u00bb{}\u00a0\u00bb][et_pb_column type=\u00a0\u00bb4_4&Prime; _builder_version=\u00a0\u00bb4.24.0&Prime; _module_preset=\u00a0\u00bbdefault\u00a0\u00bb global_colors_info=\u00a0\u00bb{}\u00a0\u00bb][et_pb_text _builder_version=\u00a0\u00bb4.24.2&Prime; _module_preset=\u00a0\u00bbdefault\u00a0\u00bb background_layout=\u00a0\u00bbdark\u00a0\u00bb global_colors_info=\u00a0\u00bb{}\u00a0\u00bb]<\/p>\n<p>Par la pr\u00e9sente <strong>d\u00e9claration de protection des donn\u00e9es<\/strong>, nous vous informons des donn\u00e9es personnelles que nous traitons dans le cadre de nos <strong>activit\u00e9s et de<\/strong> nos op\u00e9rations, y compris <strong><nobr>https:\/\/www.automaxl.ch-Website<\/nobr><\/strong>. Nous vous informons en particulier de l&rsquo;objet, de la mani\u00e8re et du lieu du traitement des donn\u00e9es personnelles. Nous vous informons \u00e9galement des droits des personnes dont nous traitons les donn\u00e9es.<\/p>\n<p>D&rsquo;autres d\u00e9clarations de protection des donn\u00e9es ainsi que d&rsquo;autres documents juridiques tels que les conditions g\u00e9n\u00e9rales de vente (CGV), les conditions d&rsquo;utilisation ou les conditions de participation peuvent s&rsquo;appliquer \u00e0 des activit\u00e9s et activit\u00e9s individuelles ou suppl\u00e9mentaires.<\/p>\n<p>Nous sommes soumis au droit suisse de la protection des donn\u00e9es ainsi qu&rsquo;\u00e0 tout droit \u00e9tranger applicable en mati\u00e8re de protection des donn\u00e9es, notamment celui de l&rsquo;Union europ\u00e9enne (UE) avec le R\u00e8glement g\u00e9n\u00e9ral sur la protection des donn\u00e9es (RGPD). La Commission europ\u00e9enne <a href=\"https:\/\/eur-lex.europa.eu\/legal-content\/DE\/TXT\/?uri=CELEX%3A32000D0518\" rel=\"nofollow noopener noreferrer\" target=\"_blank\">reconna\u00eet<\/a> que le droit suisse de la protection des donn\u00e9es garantit une protection ad\u00e9quate des donn\u00e9es.<\/p>\n<h2 id=\"kontaktadressen\">1. adresses de contact<\/h2>\n<p>Responsabilit\u00e9 du traitement des donn\u00e9es personnelles :<\/p>\n<p><strong id=\"verantwortlicher\">Auto Maxl AG<\/strong><br \/><span>Alpsteinstrasse 64<br \/>9100 Herisau<\/span><\/p>\n<p><a href=\"mailto:info@nc-automobile.ch\"><u><span><\/span><\/u><\/a><u><a href=\"mailto:mail@automaxl.ch\" target=\"_blank\" rel=\"noopener\">mail@automaxl.ch<\/a><\/u><\/p>\n<p>Dans certains cas, il peut y avoir d&rsquo;autres responsables du traitement des donn\u00e9es personnelles ou une responsabilit\u00e9 conjointe avec au moins un autre responsable.<\/p>\n<h2 id=\"begriffe-rechtsgrundlagen\">2. notions et bases juridiques<\/h2>\n<h3 id=\"begriffe\">2.1 D\u00e9finitions<\/h3>\n<p><strong>Les donn\u00e9es personnelles<\/strong> sont <em>toutes les<\/em> informations qui se rapportent \u00e0 une personne physique identifi\u00e9e ou identifiable. Une <strong>personne concern\u00e9e<\/strong> est une personne au sujet de laquelle nous traitons des donn\u00e9es personnelles.<\/p>\n<p><strong>Le traitement<\/strong> comprend <em>toute<\/em> manipulation de donn\u00e9es personnelles, quels <em>que<\/em> soient les moyens et proc\u00e9d\u00e9s utilis\u00e9s, par exemple la consultation, la comparaison, l&rsquo;adaptation, l&rsquo;archivage, la conservation, l&rsquo;extraction, la communication, l&rsquo;obtention, la saisie, la collecte, l&rsquo;effacement, la divulgation, le classement, l&rsquo;organisation, le stockage, la modification, la diffusion, l&rsquo;interconnexion, la destruction et l&rsquo;utilisation de donn\u00e9es personnelles.<\/p>\n<p>L&rsquo;<strong>Espace \u00e9conomique europ\u00e9en (EEE)<\/strong> comprend les <a href=\"https:\/\/de.wikipedia.org\/wiki\/Mitgliedstaaten_der_Europ%C3%A4ischen_Union\" rel=\"nofollow noopener\" target=\"_blank\">\u00c9tats membres de l&rsquo;Union europ\u00e9enne<\/a> (UE) ainsi que la Principaut\u00e9 de Liechtenstein, l&rsquo;Islande et la Norv\u00e8ge. Le R\u00e8glement g\u00e9n\u00e9ral sur la protection des donn\u00e9es (RGPD) qualifie le traitement des donn\u00e9es personnelles de traitement des donn\u00e9es personnelles.<\/p>\n<h3 id=\"rechtsgrundlagen\">2.2 Bases juridiques<\/h3>\n<p>Nous traitons les donn\u00e9es personnelles conform\u00e9ment \u00e0 la l\u00e9gislation suisse sur la protection des donn\u00e9es, notamment la <a href=\"https:\/\/www.fedlex.admin.ch\/eli\/oc\/2022\/491\/de\" rel=\"nofollow noopener noreferrer\" target=\"_blank\" id=\"139891\">loi f\u00e9d\u00e9rale sur la<\/a> protection des donn\u00e9es (LPD) et le <a href=\"https:\/\/www.fedlex.admin.ch\/eli\/oc\/2022\/568\/de\" rel=\"nofollow noopener\" target=\"_blank\">r\u00e8glement<\/a> sur la protection des donn\u00e9es (RGPD).<\/p>\n<p><span id=\"rechtsgrundlagen-dsgvo\">Nous traitons &#8211; si et dans la mesure o\u00f9 le R\u00e8glement g\u00e9n\u00e9ral sur la protection des donn\u00e9es (RGPD) est applicable &#8211; les donn\u00e9es personnelles conform\u00e9ment \u00e0 <em>au moins<\/em> une des bases juridiques suivantes :<\/span><\/p>\n<ul>\n<li><a href=\"https:\/\/steigerlegal.ch\/dsgvo\/dsgvo-6\/\" rel=\"nofollow noopener noreferrer\" target=\"_blank\">Art. 6, paragraphe 1, point b) du RGPD <\/a> pour le traitement des donn\u00e9es personnelles n\u00e9cessaire \u00e0 l&rsquo;ex\u00e9cution d&rsquo;un contrat avec la personne concern\u00e9e ainsi que pour l&rsquo;ex\u00e9cution de mesures pr\u00e9contractuelles.<\/li>\n<li>Article 6, paragraphe 1, point f) du RGPD pour le traitement n\u00e9cessaire des donn\u00e9es personnelles afin de sauvegarder nos int\u00e9r\u00eats l\u00e9gitimes ou ceux de tiers, dans la mesure o\u00f9 les libert\u00e9s et droits fondamentaux ainsi que les int\u00e9r\u00eats de la personne concern\u00e9e ne pr\u00e9valent pas. Les int\u00e9r\u00eats l\u00e9gitimes sont notamment notre int\u00e9r\u00eat \u00e0 pouvoir exercer nos activit\u00e9s et nos activit\u00e9s de mani\u00e8re durable, conviviale, s\u00fbre et fiable et \u00e0 communiquer \u00e0 ce sujet, la garantie de la s\u00e9curit\u00e9 des informations, la protection contre les abus, l&rsquo;application de nos propres droits l\u00e9gaux et le respect du droit suisse.<\/li>\n<li>Article 6, paragraphe 1, point c) du RGPD pour le traitement n\u00e9cessaire des donn\u00e9es personnelles afin de remplir une obligation l\u00e9gale \u00e0 laquelle nous sommes soumis conform\u00e9ment au droit \u00e9ventuellement applicable des \u00c9tats membres de l&rsquo;Espace \u00e9conomique europ\u00e9en (EEE).<\/li>\n<li>Article 6, paragraphe 1, point e) du RGPD pour le traitement n\u00e9cessaire des donn\u00e9es personnelles afin d&rsquo;ex\u00e9cuter une t\u00e2che d&rsquo;int\u00e9r\u00eat public.<\/li>\n<li>Article 6, paragraphe 1, point a) du RGPD pour le traitement des donn\u00e9es personnelles avec le consentement de la personne concern\u00e9e.<\/li>\n<li>Article 6, paragraphe 1, point d) du RGPD pour le traitement n\u00e9cessaire des donn\u00e9es personnelles afin de prot\u00e9ger les int\u00e9r\u00eats vitaux de la personne concern\u00e9e ou d&rsquo;une autre personne physique.<\/li>\n<\/ul>\n<h2 id=\"art-umfang-zweck\">3. nature, port\u00e9e et objectif<\/h2>\n<p>Nous traitons les donn\u00e9es personnelles <em>n\u00e9cessaires<\/em> \u00e0 l&rsquo;exercice durable, convivial, s\u00fbr et fiable de nos activit\u00e9s et de nos op\u00e9rations. Ces donn\u00e9es personnelles peuvent notamment appartenir aux cat\u00e9gories suivantes : donn\u00e9es d&rsquo;inventaire et de contact, donn\u00e9es de navigateur et d&rsquo;appareil, donn\u00e9es de contenu, m\u00e9tadonn\u00e9es ou donn\u00e9es marginales et donn\u00e9es d&rsquo;utilisation, donn\u00e9es de localisation, donn\u00e9es de vente ainsi que donn\u00e9es de contrat et de paiement.<\/p>\n<p>Nous traitons les donn\u00e9es personnelles pendant la <em>dur\u00e9e<\/em> n\u00e9cessaire \u00e0 la ou les finalit\u00e9s concern\u00e9es ou conform\u00e9ment \u00e0 la loi. Les donn\u00e9es personnelles dont le traitement n&rsquo;est plus n\u00e9cessaire sont rendues anonymes ou supprim\u00e9es.<\/p>\n<p>Nous pouvons faire traiter des donn\u00e9es personnelles <em>par des tiers<\/em>. Nous pouvons traiter des donn\u00e9es personnelles en collaboration avec des tiers ou les transmettre \u00e0 des tiers. Ces tiers sont notamment des fournisseurs sp\u00e9cialis\u00e9s dont nous utilisons les services. Nous garantissons \u00e9galement la protection des donn\u00e9es aupr\u00e8s de ces tiers.<\/p>\n<p><em>En principe<\/em>, nous ne traitons les donn\u00e9es personnelles qu&rsquo;avec le consentement des personnes concern\u00e9es. Si et dans la mesure o\u00f9 le traitement est autoris\u00e9 pour d&rsquo;autres raisons juridiques, nous pouvons nous dispenser de demander un consentement. Nous pouvons par exemple traiter des donn\u00e9es personnelles sans consentement afin d&rsquo;ex\u00e9cuter un contrat, de respecter des obligations l\u00e9gales ou de pr\u00e9server des int\u00e9r\u00eats pr\u00e9pond\u00e9rants.<\/p>\n<p>Nous traitons \u00e9galement les donn\u00e9es personnelles que nous recevons de tiers, que nous obtenons de sources accessibles au public ou que nous collectons dans le cadre de nos activit\u00e9s et de nos op\u00e9rations, si et dans la mesure o\u00f9 un tel traitement est autoris\u00e9 pour des raisons juridiques.<\/p>\n<h2 id=\"kommunikation\">4. communication<\/h2>\n<p>Nous traitons les donn\u00e9es personnelles afin de pouvoir communiquer avec des tiers. Dans ce cadre, nous traitons notamment les donn\u00e9es qu&rsquo;une personne concern\u00e9e nous transmet lors d&rsquo;une prise de contact, par exemple par courrier postal ou \u00e9lectronique. Nous pouvons enregistrer de telles donn\u00e9es dans un carnet d&rsquo;adresses ou \u00e0 l&rsquo;aide d&rsquo;outils comparables.<\/p>\n<p>Les tiers qui transmettent des donn\u00e9es sur d&rsquo;autres personnes sont tenus de garantir la protection des donn\u00e9es vis-\u00e0-vis de ces personnes. Pour ce faire, ils doivent notamment s&rsquo;assurer de l&rsquo;exactitude des donn\u00e9es personnelles transmises.<\/p>\n<h2 id=\"bewerbungen\">5. candidatures<\/h2>\n<p>Nous traitons les donn\u00e9es personnelles des candidats dans la mesure o\u00f9 elles sont n\u00e9cessaires \u00e0 l&rsquo;\u00e9valuation de leur aptitude \u00e0 occuper un emploi ou \u00e0 l&rsquo;ex\u00e9cution ult\u00e9rieure d&rsquo;un contrat de travail. Les donn\u00e9es personnelles n\u00e9cessaires r\u00e9sultent notamment des informations demand\u00e9es, par exemple dans le cadre d&rsquo;une offre d&#8217;emploi. Nous pouvons publier des offres d&#8217;emploi avec l&rsquo;aide de tiers appropri\u00e9s, par exemple dans des m\u00e9dias \u00e9lectroniques et imprim\u00e9s ou sur des portails d&#8217;emploi et des plateformes d&#8217;emploi.<\/p>\n<p>Nous traitons \u00e9galement les donn\u00e9es personnelles que les candidats communiquent ou publient <em>volontairement<\/em>, notamment dans le cadre de lettres de motivation, de CV et d&rsquo;autres documents de candidature ainsi que de profils en ligne.<\/p>\n<p><span id=\"bewerbungen-dsgvo\">Nous traitons &#8211; si et dans la mesure o\u00f9 le R\u00e8glement g\u00e9n\u00e9ral sur la protection des donn\u00e9es (RGPD) est applicable &#8211; les donn\u00e9es personnelles des candidats, notamment conform\u00e9ment \u00e0 <a href=\"https:\/\/steigerlegal.ch\/dsgvo\/dsgvo-9\/#2b\" rel=\"nofollow noopener noreferrer\" target=\"_blank\">Article 9, paragraphe 2, point b) du RGPD <\/a>.<\/span><\/p>\n<p>Nous pouvons permettre aux candidats d&rsquo;enregistrer leurs coordonn\u00e9es dans notre <strong>vivier de talents<\/strong> afin de pouvoir les prendre en compte pour de futurs postes vacants. Nous pouvons \u00e9galement utiliser ces informations pour maintenir le contact et vous informer des nouveaut\u00e9s. Si nous pensons qu&rsquo;un candidat est susceptible d&rsquo;\u00eatre retenu pour un poste vacant sur la base des informations qu&rsquo;il a fournies, nous pouvons l&rsquo;en informer.<\/p>\n<h2 id=\"sicherheit\">6. s\u00e9curit\u00e9 des donn\u00e9es<\/h2>\n<p>Nous prenons les mesures techniques et organisationnelles appropri\u00e9es pour garantir une s\u00e9curit\u00e9 des donn\u00e9es adapt\u00e9e aux risques respectifs. Nos mesures garantissent notamment la confidentialit\u00e9, la disponibilit\u00e9, la tra\u00e7abilit\u00e9 et l&rsquo;int\u00e9grit\u00e9 des donn\u00e9es personnelles trait\u00e9es, sans toutefois pouvoir garantir une s\u00e9curit\u00e9 absolue des donn\u00e9es.<\/p>\n<p>L&rsquo;acc\u00e8s \u00e0 notre site web et \u00e0 nos autres services en ligne est crypt\u00e9 (SSL \/ TLS, en particulier avec le protocole de transfert hypertexte s\u00e9curis\u00e9, en abr\u00e9g\u00e9 HTTPS). La plupart des navigateurs indiquent le cryptage de transport par un petit cadenas dans la barre d&rsquo;adresse.<\/p>\n<p>Nos communications num\u00e9riques, comme toute communication num\u00e9rique en <em>g\u00e9n\u00e9ral<\/em>, sont soumises \u00e0 une surveillance de masse sans motif ni soup\u00e7on de la part des autorit\u00e9s de s\u00e9curit\u00e9 en Suisse, dans le reste de l&rsquo;Europe, aux \u00c9tats-Unis d&rsquo;Am\u00e9rique (USA) et dans d&rsquo;autres pays. Nous ne pouvons pas exercer d&rsquo;influence directe sur le traitement correspondant des donn\u00e9es personnelles par les services secrets, les services de police et autres autorit\u00e9s de s\u00e9curit\u00e9. Nous ne pouvons pas non plus exclure que certaines personnes concern\u00e9es soient surveill\u00e9es de mani\u00e8re cibl\u00e9e.<\/p>\n<h2 id=\"ausland\">7. donn\u00e9es personnelles \u00e0 l&rsquo;\u00e9tranger<\/h2>\n<p>Nous traitons <em>en principe<\/em> les donn\u00e9es personnelles en Suisse et dans l&rsquo;Espace \u00e9conomique europ\u00e9en (EEE). Nous pouvons toutefois exporter ou transf\u00e9rer des donn\u00e9es personnelles vers d&rsquo;autres pays, notamment pour les traiter ou les faire traiter dans ces pays.<\/p>\n<p>Nous pouvons exporter des donn\u00e9es personnelles dans tous les <a href=\"https:\/\/de.wikipedia.org\/wiki\/Liste_der_Staaten_der_Erde#Tabelle\" rel=\"nofollow noopener noreferrer\" target=\"_blank\">pays et territoires de la plan\u00e8te<\/a> et ailleurs dans l <a href=\"https:\/\/www.datenschutzpartner.ch\/2022\/04\/23\/datenschutzerklaerung-daten-export-universum-mond\/\" rel=\"nofollow noopener noreferrer\" target=\"_blank\">&lsquo;univers<\/a>, \u00e0 condition que la l\u00e9gislation locale garantisse une protection ad\u00e9quate des donn\u00e9es, conform\u00e9ment \u00e0 la <a href=\"https:\/\/steigerlegal.ch\/2022\/09\/10\/ndsg-schweiz-staatenliste\/\" rel=\"nofollow noopener noreferrer\" target=\"_blank\">d\u00e9cision du Conseil f\u00e9d\u00e9ral suisse<\/a> et, si et dans la mesure o\u00f9 le r\u00e8glement g\u00e9n\u00e9ral sur la protection des donn\u00e9es (RGPD) est applicable, conform\u00e9ment \u00e0 la <a href=\"https:\/\/commission.europa.eu\/law\/law-topic\/data-protection\/international-dimension-data-protection\/adequacy-decisions_de\" rel=\"nofollow noopener noreferrer\" target=\"_blank\">d\u00e9cision de la Commission europ\u00e9enne<\/a>.<\/p>\n<p>Nous pouvons transf\u00e9rer des donn\u00e9es personnelles vers des pays dont la l\u00e9gislation ne garantit pas une protection ad\u00e9quate des donn\u00e9es, \u00e0 condition que la protection des donn\u00e9es soit assur\u00e9e pour d&rsquo;autres raisons, notamment sur la base de clauses standard de protection des donn\u00e9es ou avec d&rsquo;autres garanties appropri\u00e9es. Exceptionnellement, nous pouvons exporter des donn\u00e9es personnelles vers des \u00c9tats ne disposant pas d&rsquo;une protection des donn\u00e9es ad\u00e9quate ou appropri\u00e9e si les conditions particuli\u00e8res de protection des donn\u00e9es sont remplies, par exemple le consentement explicite des personnes concern\u00e9es ou un lien direct avec la conclusion ou l&rsquo;ex\u00e9cution d&rsquo;un contrat. Sur demande, nous renseignons volontiers les personnes concern\u00e9es sur les \u00e9ventuelles garanties ou leur fournissons une copie des \u00e9ventuelles garanties.<\/p>\n<h2 id=\"rechte\">8. droits des personnes concern\u00e9es<\/h2>\n<h3 id=\"ansprueche\">8.1 Droits en mati\u00e8re de protection des donn\u00e9es<\/h3>\n<p>Nous accordons aux personnes concern\u00e9es tous les droits pr\u00e9vus par la l\u00e9gislation applicable en mati\u00e8re de protection des donn\u00e9es. Les personnes concern\u00e9es disposent notamment des droits suivants :<\/p>\n<ul>\n<li><strong>Information :<\/strong> les personnes concern\u00e9es peuvent demander \u00e0 savoir si nous traitons des donn\u00e9es personnelles les concernant et, dans l&rsquo;affirmative, de quelles donn\u00e9es personnelles il s&rsquo;agit. Les personnes concern\u00e9es re\u00e7oivent \u00e9galement les informations n\u00e9cessaires pour faire valoir leurs droits en mati\u00e8re de protection des donn\u00e9es et pour garantir la transparence. Il s&rsquo;agit notamment des donn\u00e9es personnelles trait\u00e9es en tant que telles, mais aussi, entre autres, d&rsquo;informations sur le but du traitement, la dur\u00e9e de conservation, une \u00e9ventuelle communication ou exportation de donn\u00e9es dans d&rsquo;autres pays et l&rsquo;origine des donn\u00e9es personnelles.<\/li>\n<li><strong>Rectification et limitation :<\/strong> les personnes concern\u00e9es peuvent faire rectifier des donn\u00e9es personnelles inexactes, faire compl\u00e9ter des donn\u00e9es incompl\u00e8tes et faire limiter le traitement de leurs donn\u00e9es.<\/li>\n<li><strong>Effacement et opposition :<\/strong> les personnes concern\u00e9es peuvent faire effacer leurs donn\u00e9es personnelles (\u00ab\u00a0droit \u00e0 l&rsquo;oubli\u00a0\u00bb) et s&rsquo;opposer au traitement de leurs donn\u00e9es avec effet pour l&rsquo;avenir.<\/li>\n<li><strong>la divulgation et le transfert des donn\u00e9es :<\/strong> Les personnes concern\u00e9es peuvent demander la restitution de donn\u00e9es personnelles ou le transfert de leurs donn\u00e9es \u00e0 un autre responsable du traitement.<\/li>\n<\/ul>\n<p>Nous pouvons suspendre, limiter ou refuser l&rsquo;exercice des droits des personnes concern\u00e9es dans les limites autoris\u00e9es par la loi. Nous pouvons attirer l&rsquo;attention des personnes concern\u00e9es sur les conditions \u00e9ventuelles \u00e0 remplir pour l&rsquo;exercice de leurs droits en mati\u00e8re de protection des donn\u00e9es. Nous pouvons par exemple refuser de fournir tout ou partie des informations en invoquant le secret des affaires ou la protection d&rsquo;autres personnes. Nous pouvons \u00e9galement refuser de supprimer tout ou partie des donn\u00e9es personnelles en invoquant des obligations l\u00e9gales de conservation.<\/p>\n<p>Nous pouvons <em>exceptionnellement<\/em> pr\u00e9voir des frais pour l&rsquo;exercice des droits. Nous informons pr\u00e9alablement les personnes concern\u00e9es des frais \u00e9ventuels.<\/p>\n<p>Nous sommes tenus de prendre des mesures raisonnables pour identifier les personnes concern\u00e9es qui demandent des informations ou font valoir d&rsquo;autres droits. Les personnes concern\u00e9es sont tenues de coop\u00e9rer.<\/p>\n<h3 id=\"rechtsschutz\">8.2 Protection juridique<\/h3>\n<p>Les personnes concern\u00e9es ont le droit de faire valoir leurs droits en mati\u00e8re de protection des donn\u00e9es par voie juridique ou de d\u00e9poser une plainte aupr\u00e8s d&rsquo;une autorit\u00e9 de contr\u00f4le comp\u00e9tente en mati\u00e8re de protection des donn\u00e9es.<\/p>\n<p>L&rsquo;autorit\u00e9 de surveillance de la protection des donn\u00e9es pour les plaintes de personnes concern\u00e9es contre des responsables priv\u00e9s et des organes f\u00e9d\u00e9raux en Suisse est le <a href=\"https:\/\/www.edoeb.admin.ch\/\" rel=\"nofollow noopener noreferrer\" target=\"_blank\">Pr\u00e9pos\u00e9 f\u00e9d\u00e9ral \u00e0 la protection des donn\u00e9es et \u00e0 la transparence<\/a> (PFPDT).<\/p>\n<p>Les autorit\u00e9s europ\u00e9ennes de contr\u00f4le de la protection des donn\u00e9es pour les plaintes des personnes concern\u00e9es &#8211; si et dans la mesure o\u00f9 le R\u00e8glement g\u00e9n\u00e9ral sur la protection des donn\u00e9es (RGPD) est applicable &#8211; sont organis\u00e9es en tant que <a href=\"https:\/\/edpb.europa.eu\/about-edpb\/about-edpb\/members_de\" rel=\"nofollow noopener noreferrer\" target=\"_blank\">membres du Comit\u00e9 europ\u00e9en de la protection des donn\u00e9es (CEPD<\/a> ). Dans certains \u00c9tats membres de l&rsquo;Espace \u00e9conomique europ\u00e9en (EEE), les autorit\u00e9s de contr\u00f4le de la protection des donn\u00e9es sont structur\u00e9es de mani\u00e8re f\u00e9d\u00e9rale, <a href=\"https:\/\/www.bfdi.bund.de\/DE\/Service\/Anschriften\/Laender\/Laender-node.html\" rel=\"nofollow noopener noreferrer\" target=\"_blank\">notamment en Allemagne<\/a>.<\/p>\n<h2 id=\"website\">9. utilisation du site web<\/h2>\n<h3 id=\"cookies\">9.1 Cookies<\/h3>\n<p>Nous pouvons utiliser des cookies. Les cookies, qu&rsquo;il s&rsquo;agisse de nos propres cookies (cookies de premi\u00e8re partie) ou de cookies de tiers dont nous utilisons les services (cookies de troisi\u00e8me partie), sont des donn\u00e9es stock\u00e9es dans le navigateur. Ces donn\u00e9es stock\u00e9es ne se limitent pas n\u00e9cessairement aux cookies traditionnels sous forme de texte.<\/p>\n<p>Les cookies peuvent \u00eatre stock\u00e9s temporairement dans le navigateur en tant que \u00ab\u00a0cookies de session\u00a0\u00bb ou pour une p\u00e9riode d\u00e9termin\u00e9e en tant que \u00ab\u00a0cookies permanents\u00a0\u00bb. Les \u00ab\u00a0cookies de session\u00a0\u00bb sont automatiquement supprim\u00e9s lorsque le navigateur est ferm\u00e9. Les cookies permanents ont une dur\u00e9e de conservation d\u00e9termin\u00e9e. Les cookies permettent notamment de reconna\u00eetre un navigateur lors de la prochaine visite de notre site web et de mesurer ainsi, par exemple, la port\u00e9e de notre site web. Les cookies permanents peuvent \u00e9galement \u00eatre utilis\u00e9s \u00e0 des fins de marketing en ligne, par exemple.<\/p>\n<p>Vous pouvez \u00e0 tout moment d\u00e9sactiver ou supprimer tout ou partie des cookies dans les param\u00e8tres de votre navigateur. Sans les cookies, notre site web peut ne plus \u00eatre disponible dans son int\u00e9gralit\u00e9. Nous demandons activement &#8211; au moins si et dans la mesure o\u00f9 cela est n\u00e9cessaire &#8211; le consentement explicite \u00e0 l&rsquo;utilisation de cookies.<\/p>\n<p>Pour les cookies utilis\u00e9s \u00e0 des fins de mesure d&rsquo;audience ou de publicit\u00e9, une opposition g\u00e9n\u00e9rale (\u00ab\u00a0opt-out\u00a0\u00bb) est possible pour de nombreux services via <a href=\"https:\/\/youradchoices.ca\/\" rel=\"nofollow noopener noreferrer\" target=\"_blank\">AdChoices<\/a> (Digital Advertising Alliance of Canada), la <a href=\"https:\/\/optout.networkadvertising.org\/\" rel=\"nofollow noopener noreferrer\" target=\"_blank\">Network Advertising Initiative<\/a> (NAI), <a href=\"https:\/\/optout.aboutads.info\/\" rel=\"nofollow noopener noreferrer\" target=\"_blank\">YourAdChoices<\/a> (Digital Advertising Alliance) ou <a href=\"https:\/\/www.youronlinechoices.com\/ch-de\/praferenzmanagement\" rel=\"nofollow noopener noreferrer\" target=\"_blank\">Your Online Choices<\/a> (European Interactive Digital Advertising Alliance, EDAA).<\/p>\n<h3 id=\"protokollierung\">9.2 Consignation des donn\u00e9es<\/h3>\n<p>Nous pouvons enregistrer au moins les informations suivantes pour chaque acc\u00e8s \u00e0 notre site web et \u00e0 nos autres services en ligne, dans la mesure o\u00f9 elles sont transmises \u00e0 notre infrastructure num\u00e9rique lors de ces acc\u00e8s : la date et l&rsquo;heure, y compris le fuseau horaire, <a href=\"https:\/\/de.wikipedia.org\/wiki\/IP-Adresse\" rel=\"nofollow noopener noreferrer\" target=\"_blank\">l&rsquo;adresse IP<\/a>, le statut d&rsquo;acc\u00e8s (code d&rsquo;\u00e9tat HTTP), le syst\u00e8me d&rsquo;exploitation, y compris l&rsquo;interface utilisateur et la version, le navigateur, y compris la langue et la version, la sous-page de notre site web consult\u00e9e, y compris la quantit\u00e9 de donn\u00e9es transmises, la derni\u00e8re page web consult\u00e9e dans la m\u00eame fen\u00eatre du navigateur (r\u00e9f\u00e9rent ou referrer).<\/p>\n<p>Nous enregistrons ces informations, qui peuvent \u00e9galement \u00eatre des donn\u00e9es personnelles, dans des fichiers journaux. Ces informations sont n\u00e9cessaires pour assurer la p\u00e9rennit\u00e9, la convivialit\u00e9 et la fiabilit\u00e9 de notre pr\u00e9sence en ligne. Ces informations sont \u00e9galement n\u00e9cessaires pour garantir la s\u00e9curit\u00e9 des donn\u00e9es, y compris par des tiers ou avec l&rsquo;aide de tiers.<\/p>\n<h3 id=\"zaehlpixel\">9.3 Pixels de suivi<\/h3>\n<p>Nous pouvons int\u00e9grer des pixels de suivi dans notre pr\u00e9sence en ligne. Les pixels sont \u00e9galement appel\u00e9s balises web. Les pixels, y compris ceux fournis par des tiers dont nous utilisons les services, sont g\u00e9n\u00e9ralement de petites images invisibles ou des scripts formul\u00e9s en JavaScript qui sont automatiquement r\u00e9cup\u00e9r\u00e9s lorsque vous acc\u00e9dez \u00e0 notre pr\u00e9sence en ligne. Les pixels de comptage permettent de collecter au moins les m\u00eames informations que les fichiers journaux.<\/p>\n<h2 id=\"mitteilungen\">10. notifications et messages<\/h2>\n<p>Nous envoyons des notifications et des messages par e-mail et par d&rsquo;autres canaux de communication tels que la messagerie instantan\u00e9e ou les SMS.<\/p>\n<h3 id=\"mitteilungen-statistik\">10.1 Mesure de la r\u00e9ussite et de la port\u00e9e<\/h3>\n<p>Les notifications et les messages peuvent contenir des liens web ou des pixels qui enregistrent si un message individuel a \u00e9t\u00e9 ouvert et quels liens web ont \u00e9t\u00e9 cliqu\u00e9s. Ces liens web et pixels peuvent \u00e9galement enregistrer l&rsquo;utilisation des notifications et des communications en fonction des personnes. Nous avons besoin de ces statistiques d&rsquo;utilisation pour mesurer le succ\u00e8s et la port\u00e9e de l&rsquo;envoi des notifications et des communications en fonction des besoins et des habitudes de lecture des destinataires, de mani\u00e8re efficace et conviviale, durable, s\u00fbre et fiable.<\/p>\n<h3 id=\"mitteilungen-einwilligung\">10.2 Consentement et opposition<\/h3>\n<p>Vous devez <em>en principe<\/em> consentir \u00e0 l&rsquo;utilisation de votre adresse \u00e9lectronique et de vos autres adresses de contact, \u00e0 moins que cette utilisation ne soit autoris\u00e9e pour d&rsquo;autres raisons juridiques. Pour l&rsquo;obtention \u00e9ventuelle d&rsquo;un consentement doublement confirm\u00e9, nous pouvons utiliser la proc\u00e9dure de \u00ab\u00a0double opt-in\u00a0\u00bb. Dans ce cas, vous recevrez une communication contenant des instructions pour la double confirmation. Nous pouvons enregistrer les consentements recueillis, y compris <a href=\"https:\/\/de.wikipedia.org\/wiki\/IP-Adresse\" rel=\"nofollow noopener noreferrer\" target=\"_blank\">l&rsquo;adresse IP<\/a> et <a href=\"https:\/\/de.wikipedia.org\/wiki\/Zeitstempel\" rel=\"nofollow noopener noreferrer\" target=\"_blank\">l&rsquo;horodatage<\/a>, pour des raisons de preuve et de s\u00e9curit\u00e9.<\/p>\n<p>Vous pouvez <em>en principe<\/em> vous opposer \u00e0 tout moment \u00e0 la r\u00e9ception de notifications et de communications telles que les newsletters. En vous y opposant, vous pouvez \u00e9galement vous opposer \u00e0 l&rsquo;enregistrement statistique de l&rsquo;utilisation \u00e0 des fins de mesure de la r\u00e9ussite et de la port\u00e9e. Les notifications et communications n\u00e9cessaires en rapport avec nos activit\u00e9s et activit\u00e9s demeurent r\u00e9serv\u00e9es.<\/p>\n<h2 id=\"social-media\">11. les m\u00e9dias sociaux<\/h2>\n<p>Nous sommes pr\u00e9sents sur des plates-formes de m\u00e9dias sociaux et d&rsquo;autres plates-formes en ligne afin de pouvoir communiquer avec les personnes int\u00e9ress\u00e9es et de les informer de nos activit\u00e9s et de nos op\u00e9rations. Dans le cadre de ces plateformes, les donn\u00e9es personnelles peuvent \u00e9galement \u00eatre trait\u00e9es en dehors de la Suisse et de l&rsquo;Espace \u00e9conomique europ\u00e9en (EEE).<\/p>\n<p>Les conditions g\u00e9n\u00e9rales de vente (CGV) et les conditions d&rsquo;utilisation ainsi que les d\u00e9clarations de confidentialit\u00e9 et autres dispositions des diff\u00e9rents exploitants de ces plateformes s&rsquo;appliquent \u00e9galement. Ces dispositions fournissent notamment des informations sur les droits des personnes concern\u00e9es directement vis-\u00e0-vis de la plateforme concern\u00e9e, ce qui inclut par exemple le droit d&rsquo;acc\u00e8s.<\/p>\n<p>Nous sommes responsables de notre <strong>pr\u00e9sence sur les m\u00e9dias sociaux Facebook<\/strong>, y compris les Pages-Insights, conjointement avec Meta Platforms Ireland Limited (Irlande), si et dans la mesure o\u00f9 le RGPD est applicable. Meta Platforms Ireland Limited fait partie des <a href=\"https:\/\/www.facebook.com\/help\/111814505650678\" rel=\"nofollow noopener noreferrer\" target=\"_blank\">soci\u00e9t\u00e9s Meta<\/a> (notamment aux \u00c9tats-Unis). Les Pages-Insights fournissent des informations sur la mani\u00e8re dont les visiteurs interagissent avec notre pr\u00e9sence sur Facebook. Nous utilisons les Pages-Insights pour assurer l&rsquo;efficacit\u00e9 et la convivialit\u00e9 de notre pr\u00e9sence sur les m\u00e9dias sociaux Facebook.<\/p>\n<p>De plus amples informations sur la nature, l&rsquo;\u00e9tendue et la finalit\u00e9 du traitement des donn\u00e9es, des informations sur les droits des personnes concern\u00e9es ainsi que les coordonn\u00e9es de Facebook et du responsable de la protection des donn\u00e9es de Facebook sont disponibles dans la <a href=\"https:\/\/www.facebook.com\/about\/privacy\" rel=\"nofollow noopener noreferrer\" target=\"_blank\">politique de confidentialit\u00e9 de Facebook<\/a>. Nous avons conclu avec Facebook ce que l&rsquo;on appelle le <a href=\"https:\/\/www.facebook.com\/legal\/controller_addendum\" rel=\"nofollow noopener noreferrer\" target=\"_blank\">\u00ab\u00a0suppl\u00e9ment au responsable\u00a0\u00bb<\/a> et avons ainsi convenu en particulier que Facebook est responsable de la garantie des droits des personnes concern\u00e9es. Pour les Pages-Insights, les informations correspondantes se trouvent sur la page <a href=\"https:\/\/www.facebook.com\/legal\/terms\/page_controller_addendum\" rel=\"nofollow noopener noreferrer\" target=\"_blank\">\u00ab\u00a0Informations sur les Pages-Insights\u00a0\u00bb<\/a>, y compris <a href=\"https:\/\/www.facebook.com\/legal\/terms\/information_about_page_insights_data\" rel=\"nofollow noopener noreferrer\" target=\"_blank\">\u00ab\u00a0Informations sur les donn\u00e9es des Pages-Insights\u00a0\u00bb.<\/a><\/p>\n<h2 id=\"dienste\">12. services de tiers<\/h2>\n<p>Nous utilisons les services de tiers sp\u00e9cialis\u00e9s afin de pouvoir exercer nos activit\u00e9s et nos op\u00e9rations de mani\u00e8re durable, conviviale, s\u00fbre et fiable. Ces services nous permettent, entre autres, d&rsquo;int\u00e9grer des fonctions et des contenus dans notre site web. Lors d&rsquo;une telle int\u00e9gration, les services utilis\u00e9s collectent au moins temporairement les <a href=\"https:\/\/de.wikipedia.org\/wiki\/IP-Adresse\" rel=\"nofollow noopener noreferrer\" target=\"_blank\">adresses IP<\/a> des utilisateurs pour des raisons techniques imp\u00e9ratives.<\/p>\n<p>Pour des raisons de s\u00e9curit\u00e9, statistiques et techniques, les tiers dont nous utilisons les services peuvent traiter des donn\u00e9es agr\u00e9g\u00e9es, anonymes ou pseudonymis\u00e9es en rapport avec nos activit\u00e9s et nos op\u00e9rations. Il s&rsquo;agit par exemple de donn\u00e9es de performance ou d&rsquo;utilisation afin de pouvoir offrir le service concern\u00e9.<\/p>\n<p>Nous utilisons notamment<\/p>\n<ul>\n<li><strong><a href=\"https:\/\/about.google\/products\/\" rel=\"nofollow noopener noreferrer\" target=\"_blank\">Services fournis par Google :<\/a><\/strong> Fournisseurs : Google LLC (\u00c9tats-Unis) \/ Google Ireland Limited (Irlande) pour les utilisateurs de l&rsquo;Espace \u00e9conomique europ\u00e9en (EEE) et de la Suisse ; Informations g\u00e9n\u00e9rales sur la protection des donn\u00e9es : <a href=\"https:\/\/safety.google\/intl\/de\/principles\/\" rel=\"nofollow noopener noreferrer\" target=\"_blank\">\u00ab\u00a0Principes de confidentialit\u00e9 et de s\u00e9curit\u00e9\u00a0\u00bb,<\/a> <a href=\"https:\/\/policies.google.com\/privacy?hl=de\" rel=\"nofollow noopener noreferrer\" target=\"_blank\">R\u00e8gles de confidentialit\u00e9<\/a>, <a href=\"https:\/\/privacy.google.com\/intl\/de\/businesses\/compliance\/\" rel=\"nofollow noopener noreferrer\" target=\"_blank\">\u00ab\u00a0Google s&rsquo;engage \u00e0 respecter les lois applicables en mati\u00e8re de protection des donn\u00e9es\u00a0\u00bb,<\/a> <a href=\"https:\/\/policies.google.com\/technologies\/product-privacy?hl=de\" rel=\"nofollow noopener noreferrer\" target=\"_blank\">\u00ab\u00a0Guide de confidentialit\u00e9 des produits Google\u00a0\u00bb,<\/a> <a href=\"https:\/\/policies.google.com\/technologies\/partner-sites?hl=de\" rel=\"nofollow noopener noreferrer\" target=\"_blank\">\u00ab\u00a0Comment nous utilisons les donn\u00e9es provenant de sites web ou d&rsquo;applications sur lesquels nos services sont utilis\u00e9s\u00a0\u00bb (informations fournies par Google)<\/a>, <a href=\"https:\/\/policies.google.com\/technologies\/cookies?hl=de\" rel=\"nofollow noopener noreferrer\" target=\"_blank\">\u00ab\u00a0Types de cookies et technologies similaires utilis\u00e9s par Google\u00a0\u00bb,<\/a> <a href=\"https:\/\/myadcenter.google.com\/\" rel=\"nofollow noopener noreferrer\" target=\"_blank\">\u00ab\u00a0Publicit\u00e9 sur laquelle vous avez un contr\u00f4le\u00a0\u00bb (\u00ab\u00a0Publicit\u00e9 personnalis\u00e9e\u00a0\u00bb)<\/a>.<\/li>\n<li><strong><a href=\"https:\/\/www.microsoft.com\/de-ch\" rel=\"nofollow noopener noreferrer\" target=\"_blank\">Services fournis par Microsoft :<\/a><\/strong> Fournisseurs : Microsoft Ireland Operations Limited (Irlande) pour les utilisateurs de l&rsquo;Espace \u00e9conomique europ\u00e9en (EEE), de la Suisse et du Royaume-Uni \/ Microsoft Corporation (\u00c9tats-Unis) pour les utilisateurs du reste du monde ; Informations g\u00e9n\u00e9rales sur la protection des donn\u00e9es : <a href=\"https:\/\/privacy.microsoft.com\/de-de\" rel=\"nofollow noopener noreferrer\" target=\"_blank\">\u00ab\u00a0Protection des donn\u00e9es chez Microsoft\u00a0\u00bb,<\/a> <a href=\"https:\/\/www.microsoft.com\/de-ch\/trust-center\/privacy\" rel=\"nofollow noopener noreferrer\" target=\"_blank\">\u00ab\u00a0Protection des donn\u00e9es et de la vie priv\u00e9e\u00a0\u00bb,<\/a> <a href=\"https:\/\/privacy.microsoft.com\/de-de\/privacystatement\" rel=\"nofollow noopener noreferrer\" target=\"_blank\">D\u00e9claration de confidentialit\u00e9<\/a>, <a href=\"https:\/\/account.microsoft.com\/account\/privacy?lang=de-DE\" rel=\"nofollow noopener noreferrer\" target=\"_blank\">\u00ab\u00a0Param\u00e8tres de donn\u00e9es et de confidentialit\u00e9\u00a0\u00bb.<\/a><\/li>\n<\/ul>\n<h3 id=\"infrastruktur\">12.1 Infrastructure num\u00e9rique<\/h3>\n<p>Nous utilisons les services de tiers sp\u00e9cialis\u00e9s pour utiliser l&rsquo;infrastructure num\u00e9rique n\u00e9cessaire \u00e0 nos activit\u00e9s et \u00e0 nos op\u00e9rations. Il s&rsquo;agit par exemple de services d&rsquo;h\u00e9bergement et de stockage fournis par des fournisseurs s\u00e9lectionn\u00e9s.<\/p>\n<p>Nous utilisons notamment<\/p>\n<ul>\n<li><strong><a href=\"https:\/\/www.cyon.ch\/\" rel=\"nofollow noopener noreferrer\" target=\"_blank\">Cyon :<\/a><\/strong> H\u00e9bergement ; Fournisseur : cyon GmbH (Suisse) ; Informations sur la protection des donn\u00e9es : <a href=\"https:\/\/www.cyon.ch\/ueber-cyon\/datenschutz\" rel=\"nofollow noopener noreferrer\" target=\"_blank\">\u00ab\u00a0Protection des donn\u00e9es\u00a0\u00bb,<\/a> <a href=\"https:\/\/www.cyon.ch\/legal\/datenschutzerklaerung\" rel=\"nofollow noopener noreferrer\" target=\"_blank\">D\u00e9claration de confidentialit\u00e9<\/a>.<\/li>\n<li><strong><a href=\"https:\/\/wordpress.com\/\" rel=\"nofollow noopener noreferrer\" target=\"_blank\">WordPress.com :<\/a><\/strong> H\u00e9bergement de blogs et constructeur de sites web ; fournisseurs : Automattic Inc (\u00c9tats-Unis) \/ Aut O&rsquo;Mattic A8C Ireland Ltd (Irlande) pour les utilisateurs en Europe, entre autres ; informations sur la protection des donn\u00e9es : <a href=\"https:\/\/automattic.com\/de\/privacy\/\" rel=\"nofollow noopener noreferrer\" target=\"_blank\">politique de confidentialit\u00e9<\/a>, <a href=\"https:\/\/automattic.com\/cookies\/\" rel=\"nofollow noopener noreferrer\" target=\"_blank\">politique en mati\u00e8re de cookies<\/a>.<\/li>\n<\/ul>\n<h3 id=\"terminplanung\">12.2 Planification des rendez-vous<\/h3>\n<p>Nous utilisons les services de tiers sp\u00e9cialis\u00e9s afin de pouvoir prendre des rendez-vous en ligne, par exemple pour des r\u00e9unions. Les conditions des services utilis\u00e9s, telles que les conditions d&rsquo;utilisation ou les d\u00e9clarations de confidentialit\u00e9, s&rsquo;appliquent en compl\u00e9ment de la pr\u00e9sente d\u00e9claration de confidentialit\u00e9.<\/p>\n<p>Nous utilisons notamment<\/p>\n<ul>\n<li><strong><a href=\"https:\/\/calendly.com\/de\" rel=\"nofollow noopener noreferrer\" target=\"_blank\">Calendly :<\/a><\/strong> Plate-forme d&rsquo;automatisation des rendez-vous ; Fournisseur : Calendly LLC (\u00c9tats-Unis) ; Informations sur la protection des donn\u00e9es : <a href=\"https:\/\/calendly.com\/privacy\" rel=\"nofollow noopener noreferrer\" target=\"_blank\">D\u00e9claration de confidentialit\u00e9<\/a>, <a href=\"https:\/\/calendly.com\/de\/security\" rel=\"nofollow noopener noreferrer\" target=\"_blank\">\u00ab\u00a0S\u00e9curit\u00e9\u00a0\u00bb.<\/a><\/li>\n<li><strong><a href=\"https:\/\/doodle.com\/de\/\" rel=\"nofollow noopener noreferrer\" target=\"_blank\">Le service Doodle :<\/a><\/strong> Planification de rendez-vous en ligne ; fournisseur : Doodle AG (Suisse) en tant que filiale de TX Group AG (Suisse) ; informations sur la protection des donn\u00e9es : <a href=\"https:\/\/doodle.com\/de\/privacy-policy\/\" rel=\"nofollow noopener noreferrer\" target=\"_blank\">d\u00e9claration de confidentialit\u00e9<\/a>, <a href=\"https:\/\/doodle.com\/de\/general-data-processing-terms\/\" rel=\"nofollow noopener noreferrer\" target=\"_blank\">\u00ab\u00a0Conditions g\u00e9n\u00e9rales de traitement des donn\u00e9es personnelles\u00a0\u00bb (\u00ab\u00a0General Terms and Conditions of the Processing of Personal Data\u00a0\u00bb)<\/a>.<\/li>\n<\/ul>\n<h3 id=\"social-media-funktionen\">12.3 Fonctionnalit\u00e9s des m\u00e9dias sociaux et contenu des m\u00e9dias sociaux<\/h3>\n<p>Nous utilisons des services et des plug-ins de tiers pour int\u00e9grer des fonctionnalit\u00e9s et des contenus de plates-formes de m\u00e9dias sociaux et pour permettre le partage de contenus sur des plates-formes de m\u00e9dias sociaux et par d&rsquo;autres moyens.<\/p>\n<p>Nous utilisons notamment<\/p>\n<ul>\n<li><strong><a href=\"https:\/\/developers.facebook.com\/products\/social-plugins\/\" rel=\"nofollow noopener noreferrer\" target=\"_blank\">Facebook (plugins sociaux) :<\/a><\/strong> Int\u00e9gration de fonctions et de contenus Facebook, par exemple \u00ab\u00a0J&rsquo;aime\u00a0\u00bb ou \u00ab\u00a0Partager\u00a0\u00bb ; fournisseurs : Meta Platforms Ireland Limited (Irlande) et <a href=\"https:\/\/www.facebook.com\/help\/111814505650678\" rel=\"nofollow noopener noreferrer\" target=\"_blank\">autres soci\u00e9t\u00e9s Meta<\/a> (notamment aux \u00c9tats-Unis) ; informations sur la protection des donn\u00e9es : <a href=\"https:\/\/www.facebook.com\/policy.php\" rel=\"nofollow noopener noreferrer\" target=\"_blank\">d\u00e9claration de confidentialit\u00e9<\/a>.<\/li>\n<li><strong><a href=\"https:\/\/developers.facebook.com\/docs\/instagram\" rel=\"nofollow noopener noreferrer\" target=\"_blank\">Plate-forme Instagram :<\/a><\/strong> Int\u00e9gration de contenu Instagram ; fournisseurs : Meta Platforms Ireland Limited (Irlande) et <a href=\"https:\/\/www.facebook.com\/help\/111814505650678\" rel=\"nofollow noopener noreferrer\" target=\"_blank\">autres soci\u00e9t\u00e9s Meta<\/a> (notamment aux \u00c9tats-Unis) ; informations sur la protection des donn\u00e9es : <a href=\"https:\/\/help.instagram.com\/519522125107875\" rel=\"nofollow noopener noreferrer\" target=\"_blank\">politique de confidentialit\u00e9 (Instagram)<\/a>, <a href=\"https:\/\/www.facebook.com\/policy.php\" rel=\"nofollow noopener noreferrer\" target=\"_blank\">politique de confidentialit\u00e9 (Facebook)<\/a>.<\/li>\n<li><strong><a href=\"https:\/\/docs.microsoft.com\/linkedin\/consumer\/\" rel=\"nofollow noopener noreferrer\" target=\"_blank\">LinkedIn Consumer Solutions Platform :<\/a><\/strong> Int\u00e9gration de fonctions et de contenus de LinkedIn, par exemple avec <a href=\"https:\/\/developer.linkedin.com\/product-catalog\/plugins\" rel=\"nofollow noopener noreferrer\" target=\"_blank\">des plugins<\/a> comme le <a href=\"https:\/\/docs.microsoft.com\/linkedin\/consumer\/integrations\/self-serve\/plugins\/share-plugin\" rel=\"nofollow noopener noreferrer\" target=\"_blank\">\u00ab\u00a0Share Plugin\u00a0\u00bb ;<\/a> fournisseur : Microsoft ; informations sp\u00e9cifiques \u00e0 LinkedIn : <a href=\"https:\/\/privacy.linkedin.com\" rel=\"nofollow noopener noreferrer\" target=\"_blank\">\u00ab\u00a0Confidentialit\u00e9\u00a0\u00bb (\u00ab\u00a0Privacy\u00a0\u00bb)<\/a>, <a href=\"https:\/\/www.linkedin.com\/legal\/privacy-policy\" rel=\"nofollow noopener noreferrer\" target=\"_blank\">d\u00e9claration de confidentialit\u00e9<\/a>, <a href=\"https:\/\/www.linkedin.com\/legal\/cookie-policy\" rel=\"nofollow noopener noreferrer\" target=\"_blank\">politique en mati\u00e8re de cookies<\/a>, <a href=\"https:\/\/www.linkedin.com\/psettings\/guest-controls\" rel=\"nofollow noopener noreferrer\" target=\"_blank\">gestion des cookies \/ opposition aux communications par e-mail et SMS de LinkedIn<\/a>, <a href=\"https:\/\/www.linkedin.com\/psettings\/guest-controls\/retargeting-opt-out\" rel=\"nofollow noopener noreferrer\" target=\"_blank\">opposition \u00e0 la publicit\u00e9 cibl\u00e9e par centres d&rsquo;int\u00e9r\u00eat<\/a>.<\/li>\n<li><strong><a href=\"https:\/\/developers.tiktok.com\" rel=\"nofollow noopener noreferrer\" target=\"_blank\">TikTok (plugins sociaux) :<\/a><\/strong> Int\u00e9gration de fonctions et de contenus de TikTok, par exemple \u00ab\u00a0Share to TikTok\u00a0\u00bb ; fournisseurs : TikTok Information Technologies UK Limited (Royaume-Uni) et TikTok Technology Limited (Irlande) pour les utilisateurs de l&rsquo;Espace \u00e9conomique europ\u00e9en (EEE), du Royaume-Uni et de la Suisse \/ TikTok Inc. (\u00c9tats-Unis) pour les utilisateurs des \u00c9tats-Unis \/ TikTok Pte. Ltd. (Singapour) pour les utilisateurs dans le reste du monde ; informations sur la protection des donn\u00e9es : <a href=\"https:\/\/www.tiktok.com\/legal\/privacy-policy-eea?lang=de\" rel=\"nofollow noopener noreferrer\" target=\"_blank\">d\u00e9claration de confidentialit\u00e9<\/a>, <a href=\"https:\/\/www.tiktok.com\/legal\/privacy-policy-for-younger-users\" rel=\"nofollow noopener noreferrer\" target=\"_blank\">\u00ab\u00a0Privacy Policy for Younger Users\u00a0\u00bb (politique de confidentialit\u00e9 pour les jeunes utilisateurs)<\/a>, <a href=\"https:\/\/www.tiktok.com\/legal\/cookie-policy?lang=de\" rel=\"nofollow noopener noreferrer\" target=\"_blank\">politique en mati\u00e8re de cookies<\/a>, <a href=\"https:\/\/ads.tiktok.com\/i18n\/official\/policy\/privacy\" rel=\"nofollow noopener noreferrer\" target=\"_blank\">\u00ab\u00a0TikTok for Business &#8211; Privacy and Cookie Policy\u00a0\u00bb (d\u00e9claration de confidentialit\u00e9 et politique en mati\u00e8re de cookies pour TikTok for Business)<\/a>.<\/li>\n<\/ul>\n<h3 id=\"kartenmaterial\">12.4 Mat\u00e9riel cartographique<\/h3>\n<p>Nous utilisons des services de tiers pour int\u00e9grer des cartes dans notre site web.<\/p>\n<p>Nous utilisons notamment<\/p>\n<ul>\n<li><strong><a href=\"https:\/\/www.google.com\/maps\" rel=\"nofollow noopener noreferrer\" target=\"_blank\">Google Maps<\/a><\/strong> y compris <strong><a href=\"https:\/\/cloud.google.com\/maps-platform\" rel=\"nofollow noopener noreferrer\" target=\"_blank\">Google Maps Platform :<\/a><\/strong> Service de cartographie ; fournisseur : Google ; informations sp\u00e9cifiques \u00e0 Google Maps : <a href=\"https:\/\/policies.google.com\/technologies\/location-data?hl=de\" rel=\"nofollow noopener noreferrer\" target=\"_blank\">\u00ab\u00a0Comment Google utilise les informations de localisation\u00a0\u00bb.<\/a><\/li>\n<\/ul>\n<h3 id=\"medien\">12.5 Contenu audio et vid\u00e9o num\u00e9rique<\/h3>\n<p>Nous utilisons les services de tiers sp\u00e9cialis\u00e9s pour permettre la lecture directe de contenus audio et vid\u00e9o num\u00e9riques, tels que la musique ou les podcasts.<\/p>\n<p>Nous utilisons notamment<\/p>\n<ul>\n<li><strong><a href=\"https:\/\/vimeo.com\/de\/\" rel=\"nofollow noopener noreferrer\" target=\"_blank\">Vimeo :<\/a><\/strong> Plate-forme vid\u00e9o ; fournisseur : Vimeo Inc (\u00c9tats-Unis) ; informations sur la protection des donn\u00e9es : <a href=\"https:\/\/vimeo.com\/privacy\" rel=\"nofollow noopener noreferrer\" target=\"_blank\">d\u00e9claration de protection des donn\u00e9es<\/a>, <a href=\"https:\/\/vimeo.com\/de\/features\/video-privacy\" rel=\"nofollow noopener noreferrer\" target=\"_blank\">\u00ab\u00a0H\u00e9bergement priv\u00e9 de vid\u00e9os\u00a0\u00bb.<\/a><\/li>\n<li><strong><a href=\"https:\/\/www.youtube.com\/\" rel=\"nofollow noopener noreferrer\" target=\"_blank\">YouTube :<\/a><\/strong> Plate-forme vid\u00e9o ; fournisseur : Google ; informations sp\u00e9cifiques \u00e0 YouTube : <a href=\"https:\/\/support.google.com\/youtube\/topic\/2803240?hl=de\" rel=\"nofollow noopener noreferrer\" target=\"_blank\">\u00ab\u00a0Centre de confidentialit\u00e9 et de s\u00e9curit\u00e9\u00a0\u00bb,<\/a> <a href=\"https:\/\/support.google.com\/youtube\/answer\/9315727?hl=de\" rel=\"nofollow noopener noreferrer\" target=\"_blank\">\u00ab\u00a0Mes donn\u00e9es sur YouTube\u00a0\u00bb.<\/a><\/li>\n<\/ul>\n<h3 id=\"schriftarten\">12.6 Polices de caract\u00e8res<\/h3>\n<p>Nous utilisons des services de tiers pour int\u00e9grer des polices de caract\u00e8res s\u00e9lectionn\u00e9es ainsi que des ic\u00f4nes, des logos et des symboles dans notre site Web.<\/p>\n<p>Nous utilisons notamment<\/p>\n<ul>\n<li><strong><a href=\"https:\/\/fonts.google.com\" rel=\"nofollow noopener noreferrer\" target=\"_blank\">Google Fonts (polices de caract\u00e8res) :<\/a><\/strong> Polices de caract\u00e8res ; fournisseur : Google ; informations sp\u00e9cifiques \u00e0 Google Fonts : <a href=\"https:\/\/fonts.googleblog.com\/2022\/11\/your-privacy-and-google-fonts.html\" rel=\"nofollow noopener noreferrer\" target=\"_blank\">\u00ab\u00a0Votre vie priv\u00e9e et Google Fonts\u00a0\u00bb (\u00ab\u00a0Your Privacy and Google Fonts\u00a0\u00bb)<\/a>, <a href=\"https:\/\/developers.google.com\/fonts\/faq\/privacy?hl=de\" rel=\"nofollow noopener noreferrer\" target=\"_blank\">\u00ab\u00a0Protection des donn\u00e9es et collecte de donn\u00e9es\u00a0\u00bb.<\/a><\/li>\n<\/ul>\n<h3 id=\"kommerzielle-kommunikation\">12.7 Publicit\u00e9<\/h3>\n<p>Nous utilisons la possibilit\u00e9 d&rsquo;afficher <strong>des publicit\u00e9s<\/strong> cibl\u00e9es sur <strong>des tiers<\/strong> tels que des plateformes de m\u00e9dias sociaux et des moteurs de recherche pour nos activit\u00e9s et nos op\u00e9rations.<\/p>\n<p>Nous souhaitons notamment atteindre, par le biais de cette publicit\u00e9, des personnes qui s&rsquo;int\u00e9ressent d\u00e9j\u00e0 \u00e0 nos activit\u00e9s et \u00e0 nos activit\u00e9s ou qui pourraient s&rsquo;y int\u00e9resser<strong>(remarketing<\/strong> et <strong>ciblage<\/strong>). Pour ce faire, nous pouvons transmettre les donn\u00e9es correspondantes &#8211; \u00e9ventuellement aussi des donn\u00e9es personnelles &#8211; \u00e0 des tiers qui permettent une telle publicit\u00e9. Nous pouvons \u00e9galement d\u00e9terminer si notre publicit\u00e9 est efficace, c&rsquo;est-\u00e0-dire notamment si elle entra\u00eene des visites sur notre site web <strong>(suivi des conversions)<\/strong>.<\/p>\n<p>Les tiers aupr\u00e8s desquels nous faisons de la publicit\u00e9 et auxquels vous \u00eates connect\u00e9 en tant qu&rsquo;utilisateur peuvent \u00e9ventuellement associer l&rsquo;utilisation de notre site web \u00e0 votre profil sur ces sites.<\/p>\n<p>Nous utilisons notamment<\/p>\n<ul>\n<li><strong><a href=\"https:\/\/www.facebook.com\/business\/ads\" rel=\"nofollow noopener noreferrer\" target=\"_blank\">Publicit\u00e9 sur Facebook (Facebook Ads) :<\/a><\/strong> Publicit\u00e9 sur les m\u00e9dias sociaux ; fournisseurs : Meta Platforms Ireland Limited (Irlande) et <a href=\"https:\/\/www.facebook.com\/help\/111814505650678\" rel=\"nofollow noopener noreferrer\" target=\"_blank\">d&rsquo;autres entreprises Meta<\/a> (notamment aux \u00c9tats-Unis) ; informations sur la protection des donn\u00e9es : remarketing et ciblage, en particulier avec le <strong>pixel Facebook<\/strong>, ainsi que <strong>Custom Audiences<\/strong>, y compris <strong>Lookalike Audiences<\/strong>, <a href=\"https:\/\/www.facebook.com\/privacy\/policy\/\" rel=\"nofollow noopener noreferrer\" target=\"_blank\">d\u00e9claration de protection des donn\u00e9es<\/a>, <a href=\"https:\/\/accountscenter.facebook.com\/ad_preferences\" rel=\"nofollow noopener noreferrer\" target=\"_blank\">\u00ab\u00a0Pr\u00e9f\u00e9rences publicitaires\u00a0\u00bb<\/a> (inscription requise en tant qu&rsquo;utilisateur).<\/li>\n<li><strong><a href=\"https:\/\/ads.google.com\/intl\/de_de\/home\/\" rel=\"nofollow noopener noreferrer\" target=\"_blank\">Google Ads :<\/a><\/strong> Publicit\u00e9 sur les moteurs de recherche ; fournisseur : Google ; informations sp\u00e9cifiques \u00e0 Google Ads : Publicit\u00e9 bas\u00e9e, entre autres, sur les requ\u00eates de recherche, diff\u00e9rents noms de domaine &#8211; notamment doubleclick.net, googleadservices.com et googlesyndication.com &#8211; \u00e9tant utilis\u00e9s pour Google Ads, <a href=\"https:\/\/policies.google.com\/technologies\/ads?hl=de\" rel=\"nofollow noopener noreferrer\" target=\"_blank\">\u00ab\u00a0Publicit\u00e9\u00a0\u00bb (Google)<\/a>, <a href=\"https:\/\/support.google.com\/My-Ad-Center-Help\/answer\/12155764?hl=de\" rel=\"nofollow noopener noreferrer\" target=\"_blank\">\u00ab\u00a0G\u00e9rer les publicit\u00e9s ins\u00e9r\u00e9es directement par le biais des annonces\u00a0\u00bb.<\/a><\/li>\n<li><strong><a href=\"https:\/\/business.instagram.com\/advertising\/\" rel=\"nofollow noopener noreferrer\" target=\"_blank\">Publicit\u00e9s Instagram :<\/a><\/strong> Publicit\u00e9 sur les m\u00e9dias sociaux ; fournisseurs : Meta Platforms Ireland Limited (Irlande) et <a href=\"https:\/\/www.facebook.com\/help\/111814505650678\" rel=\"nofollow noopener noreferrer\" target=\"_blank\">d&rsquo;autres entreprises Meta<\/a> (notamment aux \u00c9tats-Unis) ; informations sur la protection des donn\u00e9es : remarketing et ciblage, en particulier avec <strong>les pixels Facebook<\/strong> ainsi que <strong>les audiences personnalis\u00e9es<\/strong>, y compris <strong>les audiences similaires<\/strong>, <a href=\"https:\/\/help.instagram.com\/519522125107875\" rel=\"nofollow noopener noreferrer\" target=\"_blank\">d\u00e9claration de confidentialit\u00e9 (Instagram)<\/a>, <a href=\"https:\/\/www.facebook.com\/policy.php\" rel=\"nofollow noopener noreferrer\" target=\"_blank\">d\u00e9claration de confidentialit\u00e9 (Facebook)<\/a>, <a href=\"https:\/\/www.instagram.com\/accounts\/access_tool\/ads_interests\" rel=\"nofollow noopener noreferrer\" target=\"_blank\">\u00ab\u00a0Pr\u00e9f\u00e9rences publicitaires\u00a0\u00bb (Instagram)<\/a> (inscription en tant qu&rsquo;utilisateur requise), <a href=\"https:\/\/www.facebook.com\/ads\/preferences\" rel=\"nofollow noopener noreferrer\" target=\"_blank\">\u00ab\u00a0Pr\u00e9f\u00e9rences publicitaires\u00a0\u00bb (Facebook)<\/a> (inscription en tant qu&rsquo;utilisateur requise).<\/li>\n<li><strong><a href=\"https:\/\/business.linkedin.com\/marketing-solutions\/ads\" rel=\"nofollow noopener noreferrer\" target=\"_blank\">Les publicit\u00e9s LinkedIn :<\/a><\/strong> Publicit\u00e9 sur les r\u00e9seaux sociaux ; Fournisseurs : LinkedIn Corporation (\u00c9tats-Unis) \/ LinkedIn Ireland Unlimited Company (Irlande) ; informations sur la protection des donn\u00e9es : remarketing et ciblage notamment avec le <strong>LinkedIn Insight Tag<\/strong>, <a href=\"https:\/\/privacy.linkedin.com\" rel=\"nofollow noopener noreferrer\" target=\"_blank\">\u00ab\u00a0Confidentialit\u00e9\u00a0\u00bb,<\/a> <a href=\"https:\/\/www.linkedin.com\/legal\/privacy-policy\" rel=\"nofollow noopener noreferrer\" target=\"_blank\">d\u00e9claration de confidentialit\u00e9<\/a>, <a href=\"https:\/\/www.linkedin.com\/legal\/cookie-policy\" rel=\"nofollow noopener noreferrer\" target=\"_blank\">politique en mati\u00e8re de cookies<\/a>, <a href=\"https:\/\/www.linkedin.com\/psettings\/guest-controls\/retargeting-opt-out\" rel=\"nofollow noopener noreferrer\" target=\"_blank\">opposition \u00e0 la publicit\u00e9 personnalis\u00e9e<\/a>.<\/li>\n<li><strong><a href=\"https:\/\/about.ads.microsoft.com\/de-ch\/\" rel=\"nofollow noopener noreferrer\" target=\"_blank\">Microsoft Advertising :<\/a><\/strong> Publicit\u00e9 sur les moteurs de recherche Bing, DuckDuckGo et Yahoo! ; fournisseur : Microsoft ; informations sp\u00e9cifiques \u00e0 Microsoft Advertising : <a href=\"https:\/\/about.ads.microsoft.com\/de-de\/ressourcen\/richtlinien\/privacy-policy\" rel=\"nofollow noopener noreferrer\" target=\"_blank\">\u00ab\u00a0Politique de confidentialit\u00e9 de Microsoft Advertising\u00a0\u00bb,<\/a> <a href=\"https:\/\/about.ads.microsoft.com\/de-de\/policies\/legal-privacy-and-security\" rel=\"nofollow noopener noreferrer\" target=\"_blank\">\u00ab\u00a0Politique de Microsoft Advertising : aspects juridiques, confidentialit\u00e9 et s\u00e9curit\u00e9\u00a0\u00bb,<\/a> <a href=\"https:\/\/account.microsoft.com\/privacy\/ad-settings\/\" rel=\"nofollow noopener noreferrer\" target=\"_blank\">\u00ab\u00a0Param\u00e8tres de publicit\u00e9\u00a0\u00bb (opposition \u00e0 la publicit\u00e9 personnalis\u00e9e)<\/a>.<\/li>\n<li><strong><a href=\"https:\/\/ads.tiktok.com\/\" rel=\"nofollow noopener noreferrer\" target=\"_blank\">TikTok Ads :<\/a><\/strong> Publicit\u00e9 sur les m\u00e9dias sociaux ; fournisseurs : TikTok Information Technologies UK Limited (Royaume-Uni) et TikTok Technology Limited (Irlande) pour les utilisateurs de l&rsquo;Espace \u00e9conomique europ\u00e9en (EEE), du Royaume-Uni et de la Suisse \/ TikTok Inc. (\u00c9tats-Unis) pour les utilisateurs des \u00c9tats-Unis \/ TikTok Pte. Ltd (Singapour) pour les utilisateurs du reste du monde ; informations sur la protection des donn\u00e9es : remarketing et ciblage, notamment avec le <a href=\"https:\/\/ads.tiktok.com\/help\/article?aid=9663\" rel=\"nofollow noopener noreferrer\" target=\"_blank\"><strong>Pixel TikTok<\/strong><\/a><a href=\"https:\/\/www.tiktok.com\/legal\/privacy-policy-eea?lang=de\" rel=\"nofollow noopener noreferrer\" target=\"_blank\">Politique de confidentialit\u00e9<\/a>, <a href=\"https:\/\/www.tiktok.com\/legal\/privacy-policy-for-younger-users\" rel=\"nofollow noopener noreferrer\" target=\"_blank\">\u00ab\u00a0Politique de confidentialit\u00e9 pour les jeunes utilisateurs\u00a0\u00bb<\/a>, <a href=\"https:\/\/www.tiktok.com\/legal\/cookie-policy?lang=de\" rel=\"nofollow noopener noreferrer\" target=\"_blank\">Politique en mati\u00e8re de cookies<\/a>, <a href=\"https:\/\/ads.tiktok.com\/i18n\/official\/policy\/privacy\" rel=\"nofollow noopener noreferrer\" target=\"_blank\">\u00ab\u00a0Politique de confidentialit\u00e9 et de cookies pour TikTok for Business\u00a0\u00bb<\/a>.<\/li>\n<\/ul>\n<h2 id=\"erweiterungen\">13. extensions pour le site web<\/h2>\n<p>Nous utilisons des extensions pour notre site web afin de pouvoir utiliser des fonctions suppl\u00e9mentaires. Nous pouvons utiliser des services s\u00e9lectionn\u00e9s aupr\u00e8s de fournisseurs appropri\u00e9s ou utiliser de telles extensions sur notre propre infrastructure de serveur.<\/p>\n<p>Nous utilisons notamment<\/p>\n<ul>\n<li><strong><a href=\"https:\/\/www.google.com\/recaptcha\/\" rel=\"nofollow noopener noreferrer\" target=\"_blank\">Google reCAPTCHA :<\/a><\/strong> Protection contre le spam (distinction entre les contenus souhait\u00e9s par les humains et les contenus non souhait\u00e9s par les robots et le spam) ; fournisseur : Google ; informations sp\u00e9cifiques \u00e0 Google reCAPTCHA : <a href=\"https:\/\/developers.google.com\/recaptcha\/?hl=de\" rel=\"nofollow noopener noreferrer\" target=\"_blank\">\u00ab\u00a0Qu&rsquo;est-ce que reCAPTCHA ?<\/a><\/li>\n<\/ul>\n<h2 id=\"erfolgs-und-reichweitenmessung\">14. mesure de la r\u00e9ussite et de la port\u00e9e<\/h2>\n<p>Nous essayons de d\u00e9terminer comment notre offre en ligne est utilis\u00e9e. Dans ce cadre, nous pouvons par exemple mesurer le succ\u00e8s et la port\u00e9e de nos activit\u00e9s et activit\u00e9s ainsi que l&rsquo;impact des liens de tiers vers notre site web. Nous pouvons aussi, par exemple, tester et comparer l&rsquo;utilisation de diff\u00e9rentes parties ou versions de notre offre en ligne (m\u00e9thode \u00ab\u00a0A\/B test\u00a0\u00bb). Sur la base des r\u00e9sultats de la mesure d&rsquo;audience et de r\u00e9ussite, nous pouvons notamment corriger des erreurs, renforcer les contenus populaires ou apporter des am\u00e9liorations \u00e0 notre offre en ligne.<\/p>\n<p>Dans la plupart des cas, les <a href=\"https:\/\/de.wikipedia.org\/wiki\/IP-Adresse\" rel=\"nofollow noopener noreferrer\" target=\"_blank\">adresses IP<\/a> des utilisateurs individuels sont enregistr\u00e9es \u00e0 des fins de mesure de la r\u00e9ussite et de la port\u00e9e. Dans ce cas, les adresses IP sont <em>en principe<\/em> abr\u00e9g\u00e9es (\u00ab\u00a0masquage IP\u00a0\u00bb) afin de respecter le principe de minimisation des donn\u00e9es gr\u00e2ce \u00e0 la pseudonymisation correspondante.<\/p>\n<p>Des cookies peuvent \u00eatre utilis\u00e9s et des profils d&rsquo;utilisateurs peuvent \u00eatre cr\u00e9\u00e9s dans le cadre de la mesure de la r\u00e9ussite et de la port\u00e9e. Les profils d&rsquo;utilisateurs \u00e9ventuellement cr\u00e9\u00e9s comprennent par exemple les diff\u00e9rentes pages visit\u00e9es ou les contenus consult\u00e9s sur notre site web, des indications sur la taille de l&rsquo;\u00e9cran ou de la fen\u00eatre du navigateur et la localisation &#8211; du moins approximative. <em>En principe<\/em>, les \u00e9ventuels profils d&rsquo;utilisateurs sont cr\u00e9\u00e9s exclusivement sous forme de pseudonymes et ne sont pas utilis\u00e9s pour identifier des utilisateurs individuels. Certains services de tiers auxquels les utilisateurs sont connect\u00e9s peuvent \u00e9ventuellement associer l&rsquo;utilisation de notre offre en ligne au compte ou au profil de l&rsquo;utilisateur aupr\u00e8s du service concern\u00e9.<\/p>\n<p>Nous utilisons notamment<\/p>\n<ul>\n<li><strong><a href=\"https:\/\/analytics.google.com\/\" rel=\"nofollow noopener noreferrer\" target=\"_blank\">Google Analytics :<\/a><\/strong> Mesure des r\u00e9sultats et de la port\u00e9e ; fournisseur : Google ; informations sp\u00e9cifiques \u00e0 Google Analytics : Mesure \u00e9galement sur diff\u00e9rents navigateurs et appareils <strong>(Cross-Device Tracking)<\/strong> ainsi qu&rsquo;avec des adresses IP pseudonymis\u00e9es qui ne sont qu&rsquo;<em>exceptionnellement<\/em> transmises int\u00e9gralement \u00e0 Google aux \u00c9tats-Unis, <a href=\"https:\/\/support.google.com\/analytics\/answer\/6004245\" rel=\"nofollow noopener noreferrer\" target=\"_blank\">\u00ab\u00a0Protection des donn\u00e9es\u00a0\u00bb,<\/a> <a href=\"https:\/\/tools.google.com\/dlpage\/gaoptout\" rel=\"nofollow noopener noreferrer\" target=\"_blank\">\u00ab\u00a0Module compl\u00e9mentaire de navigateur pour la d\u00e9sactivation de Google Analytics\u00a0\u00bb.<\/a><\/li>\n<li><strong><a href=\"https:\/\/marketingplatform.google.com\/about\/tag-manager\/\" rel=\"nofollow noopener noreferrer\" target=\"_blank\">Google Tag Manager :<\/a><\/strong> Int\u00e9gration et gestion d&rsquo;autres services de mesure de la r\u00e9ussite et de la port\u00e9e ainsi que d&rsquo;autres services de Google et de tiers ; fournisseur : Google ; informations sp\u00e9cifiques \u00e0 Google Tag Manager : <a href=\"https:\/\/support.google.com\/tagmanager\/answer\/9323295?hl=de\" rel=\"nofollow noopener noreferrer\" target=\"_blank\">\u00ab\u00a0Donn\u00e9es collect\u00e9es avec Google Tag Manager\u00a0\u00bb ;<\/a> d&rsquo;autres informations sur la protection des donn\u00e9es sont disponibles pour les diff\u00e9rents services int\u00e9gr\u00e9s et g\u00e9r\u00e9s.<\/li>\n<\/ul>\n<h2 id=\"video-ueberwachung\">15. surveillance vid\u00e9o<\/h2>\n<p>Nous utilisons la vid\u00e9osurveillance pour la pr\u00e9vention des d\u00e9lits et la conservation des preuves en cas de d\u00e9lits ainsi que pour l&rsquo;exercice de notre droit d&rsquo;\u00e9tablissement. Il s&rsquo;agit &#8211; si et dans la mesure o\u00f9 le r\u00e8glement g\u00e9n\u00e9ral sur la protection des donn\u00e9es (RGPD) est applicable &#8211; d&rsquo;int\u00e9r\u00eats l\u00e9gitimes pr\u00e9pond\u00e9rants selon <a href=\"https:\/\/steigerlegal.ch\/dsgvo\/dsgvo-6\/\" rel=\"nofollow noopener noreferrer\" target=\"_blank\">Article 6, paragraphe 1, point f) du RGPD <\/a>.<\/p>\n<p>Nous conservons les enregistrements de notre syst\u00e8me de vid\u00e9osurveillance aussi longtemps qu&rsquo;ils sont n\u00e9cessaires \u00e0 la conservation des preuves.<\/p>\n<p>Nous pouvons sauvegarder des enregistrements en raison d&rsquo;obligations l\u00e9gales, pour faire valoir nos propres droits l\u00e9gaux et en cas de suspicion d&rsquo;infractions p\u00e9nales, et les transmettre aux autorit\u00e9s comp\u00e9tentes, notamment aux autorit\u00e9s judiciaires ou aux forces de l&rsquo;ordre.<\/p>\n<h2 id=\"schlussbestimmungen\">16. dispositions finales<\/h2>\n<p>Nous avons r\u00e9dig\u00e9 cette d\u00e9claration de protection des donn\u00e9es \u00e0 l&rsquo;aide du <a href=\"https:\/\/www.datenschutzpartner.ch\/angebot-datenschutz-generator\/\" rel=\"nofollow noopener\" target=\"_blank\" id=\"1707744730\">g\u00e9n\u00e9rateur de protection des donn\u00e9es<\/a> de <a href=\"https:\/\/datenschutzpartner.ch\/\" rel=\"nofollow noopener\" target=\"_blank\">Datenschutzpartner<\/a>.<\/p>\n<p>Nous pouvons \u00e0 tout moment adapter et compl\u00e9ter la pr\u00e9sente d\u00e9claration de protection des donn\u00e9es. Nous vous informerons de ces adaptations et compl\u00e9ments sous une forme appropri\u00e9e, notamment en publiant la d\u00e9claration de protection des donn\u00e9es en vigueur sur notre site Internet.<\/p>\n<p>[\/et_pb_text][\/et_pb_column][\/et_pb_row][\/et_pb_section][et_pb_section fb_built=\u00a0\u00bb1&Prime; custom_padding_last_edited=\u00a0\u00bbon|phone\u00a0\u00bb _builder_version=\u00a0\u00bb4.24.0&Prime; _module_preset=\u00a0\u00bbdefault\u00a0\u00bb background_image=\u00a0\u00bbhttps:\/\/automaxl.ch\/wp-content\/uploads\/2024\/02\/erik-mclean-3WAMh1omVAY-unsplash.jpg\u00a0\u00bb custom_margin=\u00a0\u00bb0px||0px||false|false\u00a0\u00bb custom_padding=\u00a0\u00bb118px||0px||false|false\u00a0\u00bb custom_padding_tablet=\u00a0\u00bb100px||0px||false|false\u00a0\u00bb custom_padding_phone=\u00a0\u00bb90px||0px||false|false\u00a0\u00bb global_module=\u00a0\u00bb196&Prime; saved_tabs=\u00a0\u00bball\u00a0\u00bb global_colors_info=\u00a0\u00bb{}\u00a0\u00bb][et_pb_row _builder_version=\u00a0\u00bb4.22.1&Prime; _module_preset=\u00a0\u00bbdefault\u00a0\u00bb max_width=\u00a0\u00bb870px\u00a0\u00bb custom_margin=\u00a0\u00bb0px||53px||false|false\u00a0\u00bb global_colors_info=\u00a0\u00bb{}\u00a0\u00bb][et_pb_column type=\u00a0\u00bb4_4&Prime; _builder_version=\u00a0\u00bb4.22.1&Prime; _module_preset=\u00a0\u00bbdefault\u00a0\u00bb global_colors_info=\u00a0\u00bb{}\u00a0\u00bb][et_pb_text _builder_version=\u00a0\u00bb4.24.0&Prime; _module_preset=\u00a0\u00bbdefault\u00a0\u00bb text_orientation=\u00a0\u00bbcenter\u00a0\u00bb background_layout=\u00a0\u00bbdark\u00a0\u00bb global_colors_info=\u00a0\u00bb{}\u00a0\u00bb]<\/p>\n<h4>INTERESSE ?<\/h4>\n<p>[\/et_pb_text][et_pb_text _builder_version=\u00a0\u00bb4.24.0&Prime; _module_preset=\u00a0\u00bbdefault\u00a0\u00bb text_orientation=\u00a0\u00bbcenter\u00a0\u00bb background_layout=\u00a0\u00bbdark\u00a0\u00bb global_colors_info=\u00a0\u00bb{}\u00a0\u00bb]<\/p>\n<h2>NOUS ATTENDONS AVEC IMPATIENCE QUE VOUS NOUS CONTACTIEZ<\/h2>\n<p>[\/et_pb_text][et_pb_text _builder_version=\u00a0\u00bb4.24.0&Prime; _module_preset=\u00a0\u00bbdefault\u00a0\u00bb text_orientation=\u00a0\u00bbcenter\u00a0\u00bb background_layout=\u00a0\u00bbdark\u00a0\u00bb custom_margin=\u00a0\u00bb0px||||false|false\u00a0\u00bb global_colors_info=\u00a0\u00bb{}\u00a0\u00bb]<\/p>\n<p>Faites confiance \u00e0 Auto Maxl AG, votre premier point de contact pour la vente de v\u00e9hicules. D\u00e9couvrez la qualit\u00e9, la fiabilit\u00e9 et l&rsquo;excellence du service &#8211; le tout sous un m\u00eame toit. Nous sommes impatients de vous aider \u00e0 conqu\u00e9rir les routes au volant de la voiture de vos r\u00eaves.  <\/p>\n<p>[\/et_pb_text][et_pb_button button_url=\u00a0\u00bb@ET-DC@eyJkeW5hbWljIjp0cnVlLCJjb250ZW50IjoicG9zdF9saW5rX3VybF9wYWdlIiwic2V0dGluZ3MiOnsicG9zdF9pZCI6IjgxIiwiZW5hYmxlX2h0bWwiOiJvZmYifX0=@\u00a0\u00bb button_text=\u00a0\u00bbPrendre contact\u00a0\u00bb button_alignment=\u00a0\u00bbcenter\u00a0\u00bb _builder_version=\u00a0\u00bb4.27.4&Prime; _dynamic_attributes=\u00a0\u00bbbutton_url\u00a0\u00bb _module_preset=\u00a0\u00bbdefault\u00a0\u00bb button_icon=\u00a0\u00bb&#xf073;||fa||400&Prime; button_on_hover=\u00a0\u00bboff\u00a0\u00bb custom_margin=\u00a0\u00bb25px||0px||false|false\u00a0\u00bb custom_padding=\u00a0\u00bb9px|55px|9px|40px|false|false\u00a0\u00bb global_colors_info=\u00a0\u00bb{}\u00a0\u00bb button_bg_color__hover_enabled=\u00a0\u00bbon|desktop\u00a0\u00bb button_bg_color__hover=\u00a0\u00bb#FFFFFF\u00a0\u00bb button_bg_enable_color__hover=\u00a0\u00bbon\u00a0\u00bb button_text_color__hover_enabled=\u00a0\u00bbon|hover\u00a0\u00bb button_text_color__hover=\u00a0\u00bb#30373e\u00a0\u00bb][\/et_pb_button][\/et_pb_column][\/et_pb_row][et_pb_row _builder_version=\u00a0\u00bb4.22.1&Prime; _module_preset=\u00a0\u00bbdefault\u00a0\u00bb custom_padding=\u00a0\u00bb32px||32px||false|false\u00a0\u00bb border_width_top=\u00a0\u00bb1px\u00a0\u00bb border_color_top=\u00a0\u00bb#434a52&Prime; global_colors_info=\u00a0\u00bb{}\u00a0\u00bb][et_pb_column type=\u00a0\u00bb4_4&Prime; _builder_version=\u00a0\u00bb4.22.1&Prime; _module_preset=\u00a0\u00bbdefault\u00a0\u00bb global_colors_info=\u00a0\u00bb{}\u00a0\u00bb][\/et_pb_column][\/et_pb_row][\/et_pb_section]<\/p>\n","protected":false},"excerpt":{"rendered":"<p>ResponsableProtection des donn\u00e9esPar la pr\u00e9sente d\u00e9claration de protection des donn\u00e9es, nous vous informons des donn\u00e9es personnelles que nous traitons dans le cadre de nos activit\u00e9s et de nos op\u00e9rations, y compris https:\/\/www.automaxl.ch-Website. Nous vous informons en particulier de l&rsquo;objet, de la mani\u00e8re et du lieu du traitement des donn\u00e9es personnelles. Nous vous informons \u00e9galement des [&hellip;]<\/p>\n","protected":false},"author":1,"featured_media":0,"parent":0,"menu_order":0,"comment_status":"closed","ping_status":"closed","template":"","meta":{"_et_pb_use_builder":"on","_et_pb_old_content":"","_et_gb_content_width":"","footnotes":""},"dipi_cpt_category":[],"class_list":["post-1168","page","type-page","status-publish","hentry"],"yoast_head":"<!-- This site is optimized with the Yoast SEO plugin v27.4 - https:\/\/yoast.com\/product\/yoast-seo-wordpress\/ -->\n<title>D\u00e9claration de confidentialit\u00e9 - AUTO MAXL AG<\/title>\n<meta name=\"robots\" content=\"index, follow, max-snippet:-1, max-image-preview:large, max-video-preview:-1\" \/>\n<link rel=\"canonical\" href=\"https:\/\/automaxl.ch\/fr\/declaration-de-confidentialite\/\" \/>\n<meta property=\"og:locale\" content=\"fr_FR\" \/>\n<meta property=\"og:type\" content=\"article\" \/>\n<meta property=\"og:title\" content=\"D\u00e9claration de confidentialit\u00e9 - AUTO MAXL AG\" \/>\n<meta property=\"og:description\" content=\"ResponsableProtection des donn\u00e9esPar la pr\u00e9sente d\u00e9claration de protection des donn\u00e9es, nous vous informons des donn\u00e9es personnelles que nous traitons dans le cadre de nos activit\u00e9s et de nos op\u00e9rations, y compris https:\/\/www.automaxl.ch-Website. Nous vous informons en particulier de l&#039;objet, de la mani\u00e8re et du lieu du traitement des donn\u00e9es personnelles. Nous vous informons \u00e9galement des [&hellip;]\" \/>\n<meta property=\"og:url\" content=\"https:\/\/automaxl.ch\/fr\/declaration-de-confidentialite\/\" \/>\n<meta property=\"og:site_name\" content=\"AUTO MAXL AG\" \/>\n<meta property=\"article:modified_time\" content=\"2026-01-26T07:16:09+00:00\" \/>\n<meta name=\"twitter:card\" content=\"summary_large_image\" \/>\n<meta name=\"twitter:label1\" content=\"Dur\u00e9e de lecture estim\u00e9e\" \/>\n\t<meta name=\"twitter:data1\" content=\"33 minutes\" \/>\n<script type=\"application\/ld+json\" class=\"yoast-schema-graph\">{\"@context\":\"https:\\\/\\\/schema.org\",\"@graph\":[{\"@type\":\"WebPage\",\"@id\":\"https:\\\/\\\/automaxl.ch\\\/fr\\\/declaration-de-confidentialite\\\/\",\"url\":\"https:\\\/\\\/automaxl.ch\\\/fr\\\/declaration-de-confidentialite\\\/\",\"name\":\"D\u00e9claration de confidentialit\u00e9 - AUTO MAXL AG\",\"isPartOf\":{\"@id\":\"https:\\\/\\\/automaxl.ch\\\/fr\\\/#website\"},\"datePublished\":\"2024-01-19T15:15:55+00:00\",\"dateModified\":\"2026-01-26T07:16:09+00:00\",\"breadcrumb\":{\"@id\":\"https:\\\/\\\/automaxl.ch\\\/fr\\\/declaration-de-confidentialite\\\/#breadcrumb\"},\"inLanguage\":\"fr-FR\",\"potentialAction\":[{\"@type\":\"ReadAction\",\"target\":[\"https:\\\/\\\/automaxl.ch\\\/fr\\\/declaration-de-confidentialite\\\/\"]}]},{\"@type\":\"BreadcrumbList\",\"@id\":\"https:\\\/\\\/automaxl.ch\\\/fr\\\/declaration-de-confidentialite\\\/#breadcrumb\",\"itemListElement\":[{\"@type\":\"ListItem\",\"position\":1,\"name\":\"Startseite\",\"item\":\"https:\\\/\\\/automaxl.ch\\\/fr\\\/accueil\\\/\"},{\"@type\":\"ListItem\",\"position\":2,\"name\":\"D\u00e9claration de confidentialit\u00e9\"}]},{\"@type\":\"WebSite\",\"@id\":\"https:\\\/\\\/automaxl.ch\\\/fr\\\/#website\",\"url\":\"https:\\\/\\\/automaxl.ch\\\/fr\\\/\",\"name\":\"AUTO MAXL AG\",\"description\":\"Ihr Autohandel in St.Gallen\",\"potentialAction\":[{\"@type\":\"SearchAction\",\"target\":{\"@type\":\"EntryPoint\",\"urlTemplate\":\"https:\\\/\\\/automaxl.ch\\\/fr\\\/?s={search_term_string}\"},\"query-input\":{\"@type\":\"PropertyValueSpecification\",\"valueRequired\":true,\"valueName\":\"search_term_string\"}}],\"inLanguage\":\"fr-FR\"}]}<\/script>\n<!-- \/ Yoast SEO plugin. -->","yoast_head_json":{"title":"D\u00e9claration de confidentialit\u00e9 - AUTO MAXL AG","robots":{"index":"index","follow":"follow","max-snippet":"max-snippet:-1","max-image-preview":"max-image-preview:large","max-video-preview":"max-video-preview:-1"},"canonical":"https:\/\/automaxl.ch\/fr\/declaration-de-confidentialite\/","og_locale":"fr_FR","og_type":"article","og_title":"D\u00e9claration de confidentialit\u00e9 - AUTO MAXL AG","og_description":"ResponsableProtection des donn\u00e9esPar la pr\u00e9sente d\u00e9claration de protection des donn\u00e9es, nous vous informons des donn\u00e9es personnelles que nous traitons dans le cadre de nos activit\u00e9s et de nos op\u00e9rations, y compris https:\/\/www.automaxl.ch-Website. Nous vous informons en particulier de l'objet, de la mani\u00e8re et du lieu du traitement des donn\u00e9es personnelles. Nous vous informons \u00e9galement des [&hellip;]","og_url":"https:\/\/automaxl.ch\/fr\/declaration-de-confidentialite\/","og_site_name":"AUTO MAXL AG","article_modified_time":"2026-01-26T07:16:09+00:00","twitter_card":"summary_large_image","twitter_misc":{"Dur\u00e9e de lecture estim\u00e9e":"33 minutes"},"schema":{"@context":"https:\/\/schema.org","@graph":[{"@type":"WebPage","@id":"https:\/\/automaxl.ch\/fr\/declaration-de-confidentialite\/","url":"https:\/\/automaxl.ch\/fr\/declaration-de-confidentialite\/","name":"D\u00e9claration de confidentialit\u00e9 - AUTO MAXL AG","isPartOf":{"@id":"https:\/\/automaxl.ch\/fr\/#website"},"datePublished":"2024-01-19T15:15:55+00:00","dateModified":"2026-01-26T07:16:09+00:00","breadcrumb":{"@id":"https:\/\/automaxl.ch\/fr\/declaration-de-confidentialite\/#breadcrumb"},"inLanguage":"fr-FR","potentialAction":[{"@type":"ReadAction","target":["https:\/\/automaxl.ch\/fr\/declaration-de-confidentialite\/"]}]},{"@type":"BreadcrumbList","@id":"https:\/\/automaxl.ch\/fr\/declaration-de-confidentialite\/#breadcrumb","itemListElement":[{"@type":"ListItem","position":1,"name":"Startseite","item":"https:\/\/automaxl.ch\/fr\/accueil\/"},{"@type":"ListItem","position":2,"name":"D\u00e9claration de confidentialit\u00e9"}]},{"@type":"WebSite","@id":"https:\/\/automaxl.ch\/fr\/#website","url":"https:\/\/automaxl.ch\/fr\/","name":"AUTO MAXL AG","description":"Ihr Autohandel in St.Gallen","potentialAction":[{"@type":"SearchAction","target":{"@type":"EntryPoint","urlTemplate":"https:\/\/automaxl.ch\/fr\/?s={search_term_string}"},"query-input":{"@type":"PropertyValueSpecification","valueRequired":true,"valueName":"search_term_string"}}],"inLanguage":"fr-FR"}]}},"_links":{"self":[{"href":"https:\/\/automaxl.ch\/fr\/wp-json\/wp\/v2\/pages\/1168","targetHints":{"allow":["GET"]}}],"collection":[{"href":"https:\/\/automaxl.ch\/fr\/wp-json\/wp\/v2\/pages"}],"about":[{"href":"https:\/\/automaxl.ch\/fr\/wp-json\/wp\/v2\/types\/page"}],"author":[{"embeddable":true,"href":"https:\/\/automaxl.ch\/fr\/wp-json\/wp\/v2\/users\/1"}],"replies":[{"embeddable":true,"href":"https:\/\/automaxl.ch\/fr\/wp-json\/wp\/v2\/comments?post=1168"}],"version-history":[{"count":3,"href":"https:\/\/automaxl.ch\/fr\/wp-json\/wp\/v2\/pages\/1168\/revisions"}],"predecessor-version":[{"id":1516,"href":"https:\/\/automaxl.ch\/fr\/wp-json\/wp\/v2\/pages\/1168\/revisions\/1516"}],"wp:attachment":[{"href":"https:\/\/automaxl.ch\/fr\/wp-json\/wp\/v2\/media?parent=1168"}],"wp:term":[{"taxonomy":"dipi_cpt_category","embeddable":true,"href":"https:\/\/automaxl.ch\/fr\/wp-json\/wp\/v2\/dipi_cpt_category?post=1168"}],"curies":[{"name":"wp","href":"https:\/\/api.w.org\/{rel}","templated":true}]}}