{"id":1095,"date":"2024-02-06T08:36:47","date_gmt":"2024-02-06T07:36:47","guid":{"rendered":"https:\/\/automaxl.ch\/vente-echange\/"},"modified":"2026-02-13T10:11:03","modified_gmt":"2026-02-13T09:11:03","slug":"vente-echange","status":"publish","type":"page","link":"https:\/\/automaxl.ch\/fr\/vente-echange\/","title":{"rendered":"Vente \/ \u00c9change"},"content":{"rendered":"<p>[et_pb_section fb_built=\u00a0\u00bb1&Prime; _builder_version=\u00a0\u00bb4.24.0&Prime; _module_preset=\u00a0\u00bbdefault\u00a0\u00bb custom_margin=\u00a0\u00bb0px||0px||true|false\u00a0\u00bb custom_padding=\u00a0\u00bb0px||0px||true|false\u00a0\u00bb global_colors_info=\u00a0\u00bb{}\u00a0\u00bb][et_pb_row _builder_version=\u00a0\u00bb4.24.0&Prime; _module_preset=\u00a0\u00bbdefault\u00a0\u00bb background_image=\u00a0\u00bbhttps:\/\/automaxl.ch\/wp-content\/uploads\/2024\/02\/lorenzo-hamers-9njClq6GPG0-unsplash.jpg\u00a0\u00bb width=\u00a0\u00bb100%\u00a0\u00bb max_width=\u00a0\u00bb100%\u00a0\u00bb module_alignment=\u00a0\u00bbcenter\u00a0\u00bb custom_margin=\u00a0\u00bb0px||0px||true|false\u00a0\u00bb custom_padding=\u00a0\u00bb8vw||8vw||true|false\u00a0\u00bb global_colors_info=\u00a0\u00bb{}\u00a0\u00bb][et_pb_column type=\u00a0\u00bb4_4&Prime; _builder_version=\u00a0\u00bb4.24.0&Prime; _module_preset=\u00a0\u00bbdefault\u00a0\u00bb global_colors_info=\u00a0\u00bb{}\u00a0\u00bb][\/et_pb_column][\/et_pb_row][\/et_pb_section][et_pb_section fb_built=\u00a0\u00bb1&Prime; custom_padding_last_edited=\u00a0\u00bbon|phone\u00a0\u00bb _builder_version=\u00a0\u00bb4.27.4&Prime; _module_preset=\u00a0\u00bbdefault\u00a0\u00bb background_color=\u00a0\u00bb#23262d\u00a0\u00bb custom_margin=\u00a0\u00bb0px||0px||false|false\u00a0\u00bb custom_padding=\u00a0\u00bb90px||90px||true|false\u00a0\u00bb custom_padding_tablet=\u00a0\u00bb||||false|false\u00a0\u00bb custom_padding_phone=\u00a0\u00bb50px||50px||true|false\u00a0\u00bb animation_direction=\u00a0\u00bbright\u00a0\u00bb global_colors_info=\u00a0\u00bb{}\u00a0\u00bb][et_pb_row _builder_version=\u00a0\u00bb4.27.4&Prime; _module_preset=\u00a0\u00bbdefault\u00a0\u00bb custom_padding=\u00a0\u00bb0px||50px||false|false\u00a0\u00bb global_colors_info=\u00a0\u00bb{}\u00a0\u00bb][et_pb_column type=\u00a0\u00bb4_4&Prime; _builder_version=\u00a0\u00bb4.22.1&Prime; _module_preset=\u00a0\u00bbdefault\u00a0\u00bb global_colors_info=\u00a0\u00bb{}\u00a0\u00bb][et_pb_text _builder_version=\u00a0\u00bb4.27.4&Prime; _module_preset=\u00a0\u00bbdefault\u00a0\u00bb global_colors_info=\u00a0\u00bb{}\u00a0\u00bb]<\/p>\n<h1>Auto Maxl &#8211; Votre partenaire pour les jeunes voitures d&rsquo;occasion<\/h1>\n<p>[\/et_pb_text][\/et_pb_column][\/et_pb_row][et_pb_row column_structure=\u00a0\u00bb1_2,1_2&Prime; gutter_width=\u00a0\u00bb3&Prime; _builder_version=\u00a0\u00bb4.27.4&Prime; _module_preset=\u00a0\u00bbdefault\u00a0\u00bb global_colors_info=\u00a0\u00bb{}\u00a0\u00bb][et_pb_column type=\u00a0\u00bb1_2&Prime; _builder_version=\u00a0\u00bb4.27.4&Prime; _module_preset=\u00a0\u00bbdefault\u00a0\u00bb global_colors_info=\u00a0\u00bb{}\u00a0\u00bb][et_pb_text _builder_version=\u00a0\u00bb4.27.4&Prime; _module_preset=\u00a0\u00bbdefault\u00a0\u00bb background_layout=\u00a0\u00bbdark\u00a0\u00bb global_colors_info=\u00a0\u00bb{}\u00a0\u00bb]<\/p>\n<h2>Notre offre :<\/h2>\n<ul style=\"font-weight: 400;\">\n<li>L&rsquo;un des meilleurs rapports qualit\u00e9-prix de Suisse !<\/li>\n<li>Top conditions de leasing &#8211; \u00e0 partir de 4,39%<\/li>\n<li>Des prix d&rsquo;achat et de reprise \u00e9quitables !<\/li>\n<li>Achat sur place ou en ligne avec livraison optionnelle dans toute la Suisse.<\/li>\n<li>Recherche de v\u00e9hicules en fonction de vos besoins individuels.<\/li>\n<\/ul>\n<p>[\/et_pb_text][\/et_pb_column][et_pb_column type=\u00a0\u00bb1_2&Prime; _builder_version=\u00a0\u00bb4.27.4&Prime; _module_preset=\u00a0\u00bbdefault\u00a0\u00bb global_colors_info=\u00a0\u00bb{}\u00a0\u00bb][et_pb_text _builder_version=\u00a0\u00bb4.27.4&Prime; _module_preset=\u00a0\u00bbdefault\u00a0\u00bb background_layout=\u00a0\u00bbdark\u00a0\u00bb global_colors_info=\u00a0\u00bb{}\u00a0\u00bb]<\/p>\n<h2 style=\"font-weight: 400;\">Notre promesse de qualit\u00e9 :<\/h2>\n<ul style=\"font-weight: 400;\">\n<li>Fra\u00eechement sorti du contr\u00f4le technique.<\/li>\n<li>Service ex\u00e9cut\u00e9.<\/li>\n<li>Garantie de 12 mois minimum, possibilit\u00e9 de prolongation \u00e0 moindre co\u00fbt.<\/li>\n<li><span>Service gratuit en option.<\/span><\/li>\n<\/ul>\n<p style=\"font-weight: 400;\">\n<p>[\/et_pb_text][\/et_pb_column][\/et_pb_row][et_pb_row column_structure=\u00a0\u00bb1_2,1_2&Prime; gutter_width=\u00a0\u00bb3&Prime; _builder_version=\u00a0\u00bb4.27.4&Prime; _module_preset=\u00a0\u00bbdefault\u00a0\u00bb custom_margin=\u00a0\u00bb25px||0px||false|false\u00a0\u00bb global_colors_info=\u00a0\u00bb{}\u00a0\u00bb][et_pb_column type=\u00a0\u00bb1_2&Prime; _builder_version=\u00a0\u00bb4.27.4&Prime; _module_preset=\u00a0\u00bbdefault\u00a0\u00bb global_colors_info=\u00a0\u00bb{}\u00a0\u00bb][et_pb_text _builder_version=\u00a0\u00bb4.27.4&Prime; _module_preset=\u00a0\u00bbdefault\u00a0\u00bb background_layout=\u00a0\u00bbdark\u00a0\u00bb global_colors_info=\u00a0\u00bb{}\u00a0\u00bb]<\/p>\n<h2 style=\"font-weight: 400;\">Visite \/ essai sur route :<\/h2>\n<p style=\"font-weight: 400;\">Pour une visite des v\u00e9hicules, nous vous prions de prendre rendez-vous.<\/p>\n<p style=\"font-weight: 400;\">Veuillez nous faire part de votre souhait de rendez-vous : par <a href=\"mailto:mail@automaxl.ch\">mail@automaxl.ch<\/a> ou par t\u00e9l\u00e9phone <a href=\"tel:+41%2071%20570%2066%2054\"> au +41 71 570 66 54<\/a>. Nous parlons allemand, portugais et anglais.<\/p>\n<p>[\/et_pb_text][\/et_pb_column][et_pb_column type=\u00a0\u00bb1_2&Prime; _builder_version=\u00a0\u00bb4.27.4&Prime; _module_preset=\u00a0\u00bbdefault\u00a0\u00bb global_colors_info=\u00a0\u00bb{}\u00a0\u00bb][et_pb_text _builder_version=\u00a0\u00bb4.27.4&Prime; _module_preset=\u00a0\u00bbdefault\u00a0\u00bb background_layout=\u00a0\u00bbdark\u00a0\u00bb global_colors_info=\u00a0\u00bb{}\u00a0\u00bb]<\/p>\n<h2 style=\"font-weight: 400;\">\u00c9change de v\u00e9hicules :<\/h2>\n<p style=\"font-weight: 400;\">\n<p style=\"font-weight: 400;\">Pour pouvoir vous faire une offre d&rsquo;\u00e9change, nous vous demandons les informations suivantes :<\/p>\n<ul style=\"font-weight: 400;\">\n<li>Copie du permis de conduire<\/li>\n<li>Kilom\u00e9trage actuel<\/li>\n<li>Images \u00e0 l&rsquo;int\u00e9rieur &amp; \u00e0 l&rsquo;ext\u00e9rieur<\/li>\n<li>Dernier service<\/li>\n<li>Prix demand\u00e9<\/li>\n<\/ul>\n<p style=\"font-weight: 400;\">\n<p>[\/et_pb_text][\/et_pb_column][\/et_pb_row][et_pb_row _builder_version=\u00a0\u00bb4.27.4&Prime; _module_preset=\u00a0\u00bbdefault\u00a0\u00bb custom_margin=\u00a0\u00bb25px||0px||false|false\u00a0\u00bb global_colors_info=\u00a0\u00bb{}\u00a0\u00bb][et_pb_column type=\u00a0\u00bb4_4&Prime; _builder_version=\u00a0\u00bb4.27.4&Prime; _module_preset=\u00a0\u00bbdefault\u00a0\u00bb global_colors_info=\u00a0\u00bb{}\u00a0\u00bb][et_pb_text _builder_version=\u00a0\u00bb4.27.4&Prime; _module_preset=\u00a0\u00bbdefault\u00a0\u00bb background_layout=\u00a0\u00bbdark\u00a0\u00bb global_colors_info=\u00a0\u00bb{}\u00a0\u00bb]<\/p>\n<h2 style=\"font-weight: 400;\">Garages &amp; concessionnaires :<\/h2>\n<p style=\"font-weight: 400;\">Vous \u00eates les bienvenus, demandez nos offres B2B !<\/p>\n<h2 style=\"font-weight: 400;\"><\/h2>\n<p>[\/et_pb_text][\/et_pb_column][\/et_pb_row][et_pb_row _builder_version=\u00a0\u00bb4.27.4&Prime; _module_preset=\u00a0\u00bbdefault\u00a0\u00bb custom_margin=\u00a0\u00bb25px||0px||false|false\u00a0\u00bb global_colors_info=\u00a0\u00bb{}\u00a0\u00bb][et_pb_column type=\u00a0\u00bb4_4&Prime; _builder_version=\u00a0\u00bb4.27.4&Prime; _module_preset=\u00a0\u00bbdefault\u00a0\u00bb global_colors_info=\u00a0\u00bb{}\u00a0\u00bb][et_pb_text _builder_version=\u00a0\u00bb4.27.4&Prime; _module_preset=\u00a0\u00bbdefault\u00a0\u00bb header_2_text_color=\u00a0\u00bb#ff3131&Prime; header_2_font_size=\u00a0\u00bb40px\u00a0\u00bb background_layout=\u00a0\u00bbdark\u00a0\u00bb custom_css_free_form=\u00a0\u00bbselector h2 {||  font-size:31px !important;||}\u00a0\u00bb global_colors_info=\u00a0\u00bb{}\u00a0\u00bb]<\/p>\n<h2 style=\"font-weight: 400;\"><strong>Auto Maxl AG &#8211; Acheter une voiture chez nous \ud83d\ude42 une bonne affaire !<\/strong><\/h2>\n<p>[\/et_pb_text][\/et_pb_column][\/et_pb_row][\/et_pb_section][et_pb_section fb_built=\u00a0\u00bb1&Prime; custom_padding_last_edited=\u00a0\u00bbon|phone\u00a0\u00bb _builder_version=\u00a0\u00bb4.24.0&Prime; _module_preset=\u00a0\u00bbdefault\u00a0\u00bb background_image=\u00a0\u00bbhttps:\/\/automaxl.ch\/wp-content\/uploads\/2024\/02\/erik-mclean-3WAMh1omVAY-unsplash.jpg\u00a0\u00bb custom_margin=\u00a0\u00bb0px||0px||false|false\u00a0\u00bb custom_padding=\u00a0\u00bb118px||0px||false|false\u00a0\u00bb custom_padding_tablet=\u00a0\u00bb100px||0px||false|false\u00a0\u00bb custom_padding_phone=\u00a0\u00bb90px||0px||false|false\u00a0\u00bb global_module=\u00a0\u00bb196&Prime; saved_tabs=\u00a0\u00bball\u00a0\u00bb global_colors_info=\u00a0\u00bb{}\u00a0\u00bb][et_pb_row _builder_version=\u00a0\u00bb4.22.1&Prime; _module_preset=\u00a0\u00bbdefault\u00a0\u00bb max_width=\u00a0\u00bb870px\u00a0\u00bb custom_margin=\u00a0\u00bb0px||53px||false|false\u00a0\u00bb global_colors_info=\u00a0\u00bb{}\u00a0\u00bb][et_pb_column type=\u00a0\u00bb4_4&Prime; _builder_version=\u00a0\u00bb4.22.1&Prime; _module_preset=\u00a0\u00bbdefault\u00a0\u00bb global_colors_info=\u00a0\u00bb{}\u00a0\u00bb][et_pb_text _builder_version=\u00a0\u00bb4.24.0&Prime; _module_preset=\u00a0\u00bbdefault\u00a0\u00bb text_orientation=\u00a0\u00bbcenter\u00a0\u00bb background_layout=\u00a0\u00bbdark\u00a0\u00bb global_colors_info=\u00a0\u00bb{}\u00a0\u00bb]<\/p>\n<h4>INTERESSE ?<\/h4>\n<p>[\/et_pb_text][et_pb_text _builder_version=\u00a0\u00bb4.24.0&Prime; _module_preset=\u00a0\u00bbdefault\u00a0\u00bb text_orientation=\u00a0\u00bbcenter\u00a0\u00bb background_layout=\u00a0\u00bbdark\u00a0\u00bb global_colors_info=\u00a0\u00bb{}\u00a0\u00bb]<\/p>\n<h2>NOUS ATTENDONS AVEC IMPATIENCE QUE VOUS NOUS CONTACTIEZ<\/h2>\n<p>[\/et_pb_text][et_pb_text _builder_version=\u00a0\u00bb4.24.0&Prime; _module_preset=\u00a0\u00bbdefault\u00a0\u00bb text_orientation=\u00a0\u00bbcenter\u00a0\u00bb background_layout=\u00a0\u00bbdark\u00a0\u00bb custom_margin=\u00a0\u00bb0px||||false|false\u00a0\u00bb global_colors_info=\u00a0\u00bb{}\u00a0\u00bb]<\/p>\n<p>Faites confiance \u00e0 Auto Maxl AG, votre premier point de contact pour la vente de v\u00e9hicules. D\u00e9couvrez la qualit\u00e9, la fiabilit\u00e9 et l&rsquo;excellence du service &#8211; le tout sous un m\u00eame toit. Nous sommes impatients de vous aider \u00e0 conqu\u00e9rir les routes au volant de la voiture de vos r\u00eaves.  <\/p>\n<p>[\/et_pb_text][et_pb_button button_url=\u00a0\u00bb@ET-DC@eyJkeW5hbWljIjp0cnVlLCJjb250ZW50IjoicG9zdF9saW5rX3VybF9wYWdlIiwic2V0dGluZ3MiOnsicG9zdF9pZCI6IjgxIiwiZW5hYmxlX2h0bWwiOiJvZmYifX0=@\u00a0\u00bb button_text=\u00a0\u00bbPrendre contact\u00a0\u00bb button_alignment=\u00a0\u00bbcenter\u00a0\u00bb _builder_version=\u00a0\u00bb4.27.4&Prime; _dynamic_attributes=\u00a0\u00bbbutton_url\u00a0\u00bb _module_preset=\u00a0\u00bbdefault\u00a0\u00bb button_icon=\u00a0\u00bb&#xf073;||fa||400&Prime; button_on_hover=\u00a0\u00bboff\u00a0\u00bb custom_margin=\u00a0\u00bb25px||0px||false|false\u00a0\u00bb custom_padding=\u00a0\u00bb9px|55px|9px|40px|false|false\u00a0\u00bb global_colors_info=\u00a0\u00bb{}\u00a0\u00bb button_bg_color__hover_enabled=\u00a0\u00bbon|desktop\u00a0\u00bb button_bg_color__hover=\u00a0\u00bb#FFFFFF\u00a0\u00bb button_bg_enable_color__hover=\u00a0\u00bbon\u00a0\u00bb button_text_color__hover_enabled=\u00a0\u00bbon|hover\u00a0\u00bb button_text_color__hover=\u00a0\u00bb#30373e\u00a0\u00bb][\/et_pb_button][\/et_pb_column][\/et_pb_row][et_pb_row _builder_version=\u00a0\u00bb4.22.1&Prime; _module_preset=\u00a0\u00bbdefault\u00a0\u00bb custom_padding=\u00a0\u00bb32px||32px||false|false\u00a0\u00bb border_width_top=\u00a0\u00bb1px\u00a0\u00bb border_color_top=\u00a0\u00bb#434a52&Prime; global_colors_info=\u00a0\u00bb{}\u00a0\u00bb][et_pb_column type=\u00a0\u00bb4_4&Prime; _builder_version=\u00a0\u00bb4.22.1&Prime; _module_preset=\u00a0\u00bbdefault\u00a0\u00bb global_colors_info=\u00a0\u00bb{}\u00a0\u00bb][\/et_pb_column][\/et_pb_row][\/et_pb_section]<\/p>\n","protected":false},"excerpt":{"rendered":"<p>Auto Maxl &#8211; Votre partenaire pour les jeunes voitures d&rsquo;occasionNotre offre : L&rsquo;un des meilleurs rapports qualit\u00e9-prix de Suisse ! Top conditions de leasing &#8211; \u00e0 partir de 4,39% Des prix d&rsquo;achat et de reprise \u00e9quitables ! Achat sur place ou en ligne avec livraison optionnelle dans toute la Suisse. Recherche de v\u00e9hicules en fonction [&hellip;]<\/p>\n","protected":false},"author":3,"featured_media":0,"parent":0,"menu_order":0,"comment_status":"closed","ping_status":"closed","template":"","meta":{"_et_pb_use_builder":"on","_et_pb_old_content":"","_et_gb_content_width":"","footnotes":""},"dipi_cpt_category":[],"class_list":["post-1095","page","type-page","status-publish","hentry"],"yoast_head":"<!-- This site is optimized with the Yoast SEO plugin v27.5 - https:\/\/yoast.com\/product\/yoast-seo-wordpress\/ -->\n<title>Vente \/ \u00c9change - AUTO MAXL AG<\/title>\n<meta name=\"robots\" content=\"index, follow, max-snippet:-1, max-image-preview:large, max-video-preview:-1\" \/>\n<link rel=\"canonical\" href=\"https:\/\/automaxl.ch\/fr\/vente-echange\/\" \/>\n<meta property=\"og:locale\" content=\"fr_FR\" \/>\n<meta property=\"og:type\" content=\"article\" \/>\n<meta property=\"og:title\" content=\"Vente \/ \u00c9change - AUTO MAXL AG\" \/>\n<meta property=\"og:description\" content=\"Auto Maxl - Votre partenaire pour les jeunes voitures d&#039;occasionNotre offre : L&#039;un des meilleurs rapports qualit\u00e9-prix de Suisse ! Top conditions de leasing - \u00e0 partir de 4,39% Des prix d&#039;achat et de reprise \u00e9quitables ! Achat sur place ou en ligne avec livraison optionnelle dans toute la Suisse. Recherche de v\u00e9hicules en fonction [&hellip;]\" \/>\n<meta property=\"og:url\" content=\"https:\/\/automaxl.ch\/fr\/vente-echange\/\" \/>\n<meta property=\"og:site_name\" content=\"AUTO MAXL AG\" \/>\n<meta property=\"article:modified_time\" content=\"2026-02-13T09:11:03+00:00\" \/>\n<meta name=\"twitter:card\" content=\"summary_large_image\" \/>\n<meta name=\"twitter:label1\" content=\"Dur\u00e9e de lecture estim\u00e9e\" \/>\n\t<meta name=\"twitter:data1\" content=\"5 minutes\" \/>\n<script type=\"application\/ld+json\" class=\"yoast-schema-graph\">{\"@context\":\"https:\\\/\\\/schema.org\",\"@graph\":[{\"@type\":\"WebPage\",\"@id\":\"https:\\\/\\\/automaxl.ch\\\/fr\\\/vente-echange\\\/\",\"url\":\"https:\\\/\\\/automaxl.ch\\\/fr\\\/vente-echange\\\/\",\"name\":\"Vente \\\/ \u00c9change - AUTO MAXL AG\",\"isPartOf\":{\"@id\":\"https:\\\/\\\/automaxl.ch\\\/fr\\\/#website\"},\"datePublished\":\"2024-02-06T07:36:47+00:00\",\"dateModified\":\"2026-02-13T09:11:03+00:00\",\"breadcrumb\":{\"@id\":\"https:\\\/\\\/automaxl.ch\\\/fr\\\/vente-echange\\\/#breadcrumb\"},\"inLanguage\":\"fr-FR\",\"potentialAction\":[{\"@type\":\"ReadAction\",\"target\":[\"https:\\\/\\\/automaxl.ch\\\/fr\\\/vente-echange\\\/\"]}]},{\"@type\":\"BreadcrumbList\",\"@id\":\"https:\\\/\\\/automaxl.ch\\\/fr\\\/vente-echange\\\/#breadcrumb\",\"itemListElement\":[{\"@type\":\"ListItem\",\"position\":1,\"name\":\"Startseite\",\"item\":\"https:\\\/\\\/automaxl.ch\\\/fr\\\/accueil\\\/\"},{\"@type\":\"ListItem\",\"position\":2,\"name\":\"Vente \\\/ \u00c9change\"}]},{\"@type\":\"WebSite\",\"@id\":\"https:\\\/\\\/automaxl.ch\\\/fr\\\/#website\",\"url\":\"https:\\\/\\\/automaxl.ch\\\/fr\\\/\",\"name\":\"AUTO MAXL AG\",\"description\":\"Ihr Autohandel in St.Gallen\",\"potentialAction\":[{\"@type\":\"SearchAction\",\"target\":{\"@type\":\"EntryPoint\",\"urlTemplate\":\"https:\\\/\\\/automaxl.ch\\\/fr\\\/?s={search_term_string}\"},\"query-input\":{\"@type\":\"PropertyValueSpecification\",\"valueRequired\":true,\"valueName\":\"search_term_string\"}}],\"inLanguage\":\"fr-FR\"}]}<\/script>\n<!-- \/ Yoast SEO plugin. -->","yoast_head_json":{"title":"Vente \/ \u00c9change - AUTO MAXL AG","robots":{"index":"index","follow":"follow","max-snippet":"max-snippet:-1","max-image-preview":"max-image-preview:large","max-video-preview":"max-video-preview:-1"},"canonical":"https:\/\/automaxl.ch\/fr\/vente-echange\/","og_locale":"fr_FR","og_type":"article","og_title":"Vente \/ \u00c9change - AUTO MAXL AG","og_description":"Auto Maxl - Votre partenaire pour les jeunes voitures d'occasionNotre offre : L'un des meilleurs rapports qualit\u00e9-prix de Suisse ! Top conditions de leasing - \u00e0 partir de 4,39% Des prix d'achat et de reprise \u00e9quitables ! Achat sur place ou en ligne avec livraison optionnelle dans toute la Suisse. Recherche de v\u00e9hicules en fonction [&hellip;]","og_url":"https:\/\/automaxl.ch\/fr\/vente-echange\/","og_site_name":"AUTO MAXL AG","article_modified_time":"2026-02-13T09:11:03+00:00","twitter_card":"summary_large_image","twitter_misc":{"Dur\u00e9e de lecture estim\u00e9e":"5 minutes"},"schema":{"@context":"https:\/\/schema.org","@graph":[{"@type":"WebPage","@id":"https:\/\/automaxl.ch\/fr\/vente-echange\/","url":"https:\/\/automaxl.ch\/fr\/vente-echange\/","name":"Vente \/ \u00c9change - AUTO MAXL AG","isPartOf":{"@id":"https:\/\/automaxl.ch\/fr\/#website"},"datePublished":"2024-02-06T07:36:47+00:00","dateModified":"2026-02-13T09:11:03+00:00","breadcrumb":{"@id":"https:\/\/automaxl.ch\/fr\/vente-echange\/#breadcrumb"},"inLanguage":"fr-FR","potentialAction":[{"@type":"ReadAction","target":["https:\/\/automaxl.ch\/fr\/vente-echange\/"]}]},{"@type":"BreadcrumbList","@id":"https:\/\/automaxl.ch\/fr\/vente-echange\/#breadcrumb","itemListElement":[{"@type":"ListItem","position":1,"name":"Startseite","item":"https:\/\/automaxl.ch\/fr\/accueil\/"},{"@type":"ListItem","position":2,"name":"Vente \/ \u00c9change"}]},{"@type":"WebSite","@id":"https:\/\/automaxl.ch\/fr\/#website","url":"https:\/\/automaxl.ch\/fr\/","name":"AUTO MAXL AG","description":"Ihr Autohandel in St.Gallen","potentialAction":[{"@type":"SearchAction","target":{"@type":"EntryPoint","urlTemplate":"https:\/\/automaxl.ch\/fr\/?s={search_term_string}"},"query-input":{"@type":"PropertyValueSpecification","valueRequired":true,"valueName":"search_term_string"}}],"inLanguage":"fr-FR"}]}},"_links":{"self":[{"href":"https:\/\/automaxl.ch\/fr\/wp-json\/wp\/v2\/pages\/1095","targetHints":{"allow":["GET"]}}],"collection":[{"href":"https:\/\/automaxl.ch\/fr\/wp-json\/wp\/v2\/pages"}],"about":[{"href":"https:\/\/automaxl.ch\/fr\/wp-json\/wp\/v2\/types\/page"}],"author":[{"embeddable":true,"href":"https:\/\/automaxl.ch\/fr\/wp-json\/wp\/v2\/users\/3"}],"replies":[{"embeddable":true,"href":"https:\/\/automaxl.ch\/fr\/wp-json\/wp\/v2\/comments?post=1095"}],"version-history":[{"count":10,"href":"https:\/\/automaxl.ch\/fr\/wp-json\/wp\/v2\/pages\/1095\/revisions"}],"predecessor-version":[{"id":1552,"href":"https:\/\/automaxl.ch\/fr\/wp-json\/wp\/v2\/pages\/1095\/revisions\/1552"}],"wp:attachment":[{"href":"https:\/\/automaxl.ch\/fr\/wp-json\/wp\/v2\/media?parent=1095"}],"wp:term":[{"taxonomy":"dipi_cpt_category","embeddable":true,"href":"https:\/\/automaxl.ch\/fr\/wp-json\/wp\/v2\/dipi_cpt_category?post=1095"}],"curies":[{"name":"wp","href":"https:\/\/api.w.org\/{rel}","templated":true}]}}