{"id":1089,"date":"2025-06-04T09:25:15","date_gmt":"2025-06-04T07:25:15","guid":{"rendered":"https:\/\/automaxl.ch\/services-2\/"},"modified":"2025-09-02T08:36:05","modified_gmt":"2025-09-02T06:36:05","slug":"services-2","status":"publish","type":"page","link":"https:\/\/automaxl.ch\/fr\/services-2\/","title":{"rendered":"Services"},"content":{"rendered":"<p>[et_pb_section fb_built=\u00a0\u00bb1&Prime; _builder_version=\u00a0\u00bb4.24.0&Prime; _module_preset=\u00a0\u00bbdefault\u00a0\u00bb custom_margin=\u00a0\u00bb0px||0px||true|false\u00a0\u00bb custom_padding=\u00a0\u00bb0px||0px||true|false\u00a0\u00bb global_colors_info=\u00a0\u00bb{}\u00a0\u00bb][et_pb_row _builder_version=\u00a0\u00bb4.24.0&Prime; _module_preset=\u00a0\u00bbdefault\u00a0\u00bb background_image=\u00a0\u00bbhttps:\/\/automaxl.ch\/wp-content\/uploads\/2024\/02\/lorenzo-hamers-9njClq6GPG0-unsplash.jpg\u00a0\u00bb width=\u00a0\u00bb100%\u00a0\u00bb max_width=\u00a0\u00bb100%\u00a0\u00bb module_alignment=\u00a0\u00bbcenter\u00a0\u00bb custom_margin=\u00a0\u00bb0px||0px||true|false\u00a0\u00bb custom_padding=\u00a0\u00bb7vw||7vw||true|false\u00a0\u00bb global_colors_info=\u00a0\u00bb{}\u00a0\u00bb][et_pb_column type=\u00a0\u00bb4_4&Prime; _builder_version=\u00a0\u00bb4.24.0&Prime; _module_preset=\u00a0\u00bbdefault\u00a0\u00bb global_colors_info=\u00a0\u00bb{}\u00a0\u00bb][\/et_pb_column][\/et_pb_row][\/et_pb_section][et_pb_section fb_built=\u00a0\u00bb1&Prime; custom_padding_last_edited=\u00a0\u00bbon|phone\u00a0\u00bb _builder_version=\u00a0\u00bb4.22.1&Prime; _module_preset=\u00a0\u00bbdefault\u00a0\u00bb background_color=\u00a0\u00bb#23262d\u00a0\u00bb custom_margin=\u00a0\u00bb0px||0px||false|false\u00a0\u00bb custom_padding=\u00a0\u00bb120px||114px||false|false\u00a0\u00bb custom_padding_tablet=\u00a0\u00bb120px||120px||false|false\u00a0\u00bb custom_padding_phone=\u00a0\u00bb90px||90px||false|false\u00a0\u00bb animation_direction=\u00a0\u00bbright\u00a0\u00bb global_colors_info=\u00a0\u00bb{}\u00a0\u00bb][et_pb_row _builder_version=\u00a0\u00bb4.27.4&Prime; _module_preset=\u00a0\u00bbdefault\u00a0\u00bb hover_enabled=\u00a0\u00bb0&Prime; global_colors_info=\u00a0\u00bb{}\u00a0\u00bb custom_padding=\u00a0\u00bb0px||50px||false|false\u00a0\u00bb sticky_enabled=\u00a0\u00bb0&Prime;][et_pb_column type=\u00a0\u00bb4_4&Prime; _builder_version=\u00a0\u00bb4.22.1&Prime; _module_preset=\u00a0\u00bbdefault\u00a0\u00bb global_colors_info=\u00a0\u00bb{}\u00a0\u00bb][et_pb_text _builder_version=\u00a0\u00bb4.24.0&Prime; _module_preset=\u00a0\u00bbdefault\u00a0\u00bb background_layout=\u00a0\u00bbdark\u00a0\u00bb global_colors_info=\u00a0\u00bb{}\u00a0\u00bb]<\/p>\n<h4>Tout sur la voiture<\/h4>\n<p>[\/et_pb_text][et_pb_text _builder_version=\u00a0\u00bb4.24.0&Prime; _module_preset=\u00a0\u00bbdefault\u00a0\u00bb header_font=\u00a0\u00bbBank Gothic|600|||||||\u00a0\u00bb header_text_align=\u00a0\u00bbleft\u00a0\u00bb header_2_font_size=\u00a0\u00bb30px\u00a0\u00bb background_layout=\u00a0\u00bbdark\u00a0\u00bb header_font_last_edited=\u00a0\u00bboff|desktop\u00a0\u00bb global_colors_info=\u00a0\u00bb{}\u00a0\u00bb]<\/p>\n<h1><strong>Votre partenaire pour des v\u00e9hicules jeunes et bien entretenus !<\/strong><\/h1>\n<p>[\/et_pb_text][\/et_pb_column][\/et_pb_row][et_pb_row column_structure=\u00a0\u00bb1_2,1_2&Prime; gutter_width=\u00a0\u00bb2&Prime; _builder_version=\u00a0\u00bb4.27.4&Prime; _module_preset=\u00a0\u00bbdefault\u00a0\u00bb global_colors_info=\u00a0\u00bb{}\u00a0\u00bb][et_pb_column type=\u00a0\u00bb1_2&Prime; _builder_version=\u00a0\u00bb4.27.4&Prime; _module_preset=\u00a0\u00bbdefault\u00a0\u00bb global_colors_info=\u00a0\u00bb{}\u00a0\u00bb][et_pb_text _builder_version=\u00a0\u00bb4.27.4&Prime; _module_preset=\u00a0\u00bbdefault\u00a0\u00bb background_layout=\u00a0\u00bbdark\u00a0\u00bb global_colors_info=\u00a0\u00bb{}\u00a0\u00bb]<\/p>\n<h2>Notre offre :<\/h2>\n<ul style=\"font-weight: 400;\">\n<li>L&rsquo;un des meilleurs rapports qualit\u00e9-prix de Suisse !<\/li>\n<li>Top conditions de leasing &#8211; actuellement \u00e0 partir de 3,99%.<\/li>\n<li>Des prix d&rsquo;achat et de reprise \u00e9quitables !<\/li>\n<li>Achat sur place ou en ligne avec enl\u00e8vement sur place ou livraison en option dans toute la Suisse.<\/li>\n<li>Recherche de v\u00e9hicules en fonction de vos besoins individuels.<\/li>\n<\/ul>\n<p>[\/et_pb_text][\/et_pb_column][et_pb_column type=\u00a0\u00bb1_2&Prime; _builder_version=\u00a0\u00bb4.27.4&Prime; _module_preset=\u00a0\u00bbdefault\u00a0\u00bb global_colors_info=\u00a0\u00bb{}\u00a0\u00bb][et_pb_text _builder_version=\u00a0\u00bb4.27.4&Prime; _module_preset=\u00a0\u00bbdefault\u00a0\u00bb background_layout=\u00a0\u00bbdark\u00a0\u00bb global_colors_info=\u00a0\u00bb{}\u00a0\u00bb]<\/p>\n<h2 style=\"font-weight: 400;\">Nos v\u00e9hicules sont livr\u00e9s \u00e0 l&rsquo;acheteur avec les services suivants :<\/h2>\n<p style=\"font-weight: 400;\">\n<ul style=\"font-weight: 400;\">\n<li>Fra\u00eechement sorti du contr\u00f4le technique.<\/li>\n<li>Service ex\u00e9cut\u00e9.<\/li>\n<li>Garantie minimale de 12 mois, possibilit\u00e9 de prolongation \u00e0 des conditions \u00e9quitables.<\/li>\n<li>V\u00e9hicules pr\u00e9par\u00e9s proprement.<\/li>\n<li>R\u00e9servoir plein et vignette.<\/li>\n<\/ul>\n<p style=\"font-weight: 400;\">\n<p>[\/et_pb_text][\/et_pb_column][\/et_pb_row][et_pb_row column_structure=\u00a0\u00bb1_2,1_2&Prime; gutter_width=\u00a0\u00bb2&Prime; _builder_version=\u00a0\u00bb4.27.4&Prime; _module_preset=\u00a0\u00bbdefault\u00a0\u00bb global_colors_info=\u00a0\u00bb{}\u00a0\u00bb][et_pb_column type=\u00a0\u00bb1_2&Prime; _builder_version=\u00a0\u00bb4.27.4&Prime; _module_preset=\u00a0\u00bbdefault\u00a0\u00bb global_colors_info=\u00a0\u00bb{}\u00a0\u00bb][et_pb_text _builder_version=\u00a0\u00bb4.27.4&Prime; _module_preset=\u00a0\u00bbdefault\u00a0\u00bb background_layout=\u00a0\u00bbdark\u00a0\u00bb global_colors_info=\u00a0\u00bb{}\u00a0\u00bb]<\/p>\n<h2 style=\"font-weight: 400;\">Rendez-vous \/ visite \/ essai sur route :<\/h2>\n<p style=\"font-weight: 400;\">\n<p style=\"font-weight: 400;\">Pour une visite des v\u00e9hicules, nous vous prions de prendre rendez-vous, car nous sommes actifs sur 2 sites (Gossau &amp; St. Gallen).<\/p>\n<p style=\"font-weight: 400;\">\n<p style=\"font-weight: 400;\">Veuillez nous faire part de votre souhait de rendez-vous : par<span> <\/span><strong><a href=\"mailto:mail@automaxl.ch\">mail@automaxl.ch<\/a><\/strong><span> <\/span>ou par t\u00e9l\u00e9phone<span> <\/span>+<strong>41 71 570 66 54<\/strong>. Nous parlons Deutsch, Portugues, English. <\/p>\n<p style=\"font-weight: 400;\">\n<p>[\/et_pb_text][\/et_pb_column][et_pb_column type=\u00a0\u00bb1_2&Prime; _builder_version=\u00a0\u00bb4.27.4&Prime; _module_preset=\u00a0\u00bbdefault\u00a0\u00bb global_colors_info=\u00a0\u00bb{}\u00a0\u00bb][et_pb_text _builder_version=\u00a0\u00bb4.27.4&Prime; _module_preset=\u00a0\u00bbdefault\u00a0\u00bb background_layout=\u00a0\u00bbdark\u00a0\u00bb global_colors_info=\u00a0\u00bb{}\u00a0\u00bb]<\/p>\n<h2 style=\"font-weight: 400;\">\u00c9change de v\u00e9hicules &#8211; pas de probl\u00e8me :<\/h2>\n<p style=\"font-weight: 400;\">\n<p style=\"font-weight: 400;\">Pour pouvoir vous faire une offre d&rsquo;\u00e9change, nous vous demandons les informations suivantes :<\/p>\n<p style=\"font-weight: 400;\">\n<ul style=\"font-weight: 400;\">\n<li>Copie du permis de conduire<\/li>\n<li>Kilom\u00e9trage actuel<\/li>\n<li>Images \u00e0 l&rsquo;int\u00e9rieur &amp; \u00e0 l&rsquo;ext\u00e9rieur<\/li>\n<li>Dernier service<\/li>\n<li>Prix demand\u00e9<\/li>\n<\/ul>\n<p style=\"font-weight: 400;\">\n<p>[\/et_pb_text][\/et_pb_column][\/et_pb_row][et_pb_row _builder_version=\u00a0\u00bb4.27.4&Prime; _module_preset=\u00a0\u00bbdefault\u00a0\u00bb global_colors_info=\u00a0\u00bb{}\u00a0\u00bb][et_pb_column type=\u00a0\u00bb4_4&Prime; _builder_version=\u00a0\u00bb4.27.4&Prime; _module_preset=\u00a0\u00bbdefault\u00a0\u00bb global_colors_info=\u00a0\u00bb{}\u00a0\u00bb][et_pb_text _builder_version=\u00a0\u00bb4.27.4&Prime; _module_preset=\u00a0\u00bbdefault\u00a0\u00bb background_layout=\u00a0\u00bbdark\u00a0\u00bb global_colors_info=\u00a0\u00bb{}\u00a0\u00bb]<\/p>\n<h2 style=\"font-weight: 400;\">Garages &amp; concessionnaires :<\/h2>\n<p style=\"font-weight: 400;\">Vous \u00eates les bienvenus, demandez nos offres B2B !<\/p>\n<p style=\"font-weight: 400;\">\n<h2 style=\"font-weight: 400;\"><strong>Auto Maxl AG &#8211; Acheter une voiture chez nous \ud83d\ude42 une bonne affaire !<\/strong><\/h2>\n<p>[\/et_pb_text][\/et_pb_column][\/et_pb_row][\/et_pb_section][et_pb_section fb_built=\u00a0\u00bb1&Prime; custom_padding_last_edited=\u00a0\u00bbon|phone\u00a0\u00bb _builder_version=\u00a0\u00bb4.24.0&Prime; _module_preset=\u00a0\u00bbdefault\u00a0\u00bb background_image=\u00a0\u00bbhttps:\/\/automaxl.ch\/wp-content\/uploads\/2024\/02\/erik-mclean-3WAMh1omVAY-unsplash.jpg\u00a0\u00bb custom_margin=\u00a0\u00bb0px||0px||false|false\u00a0\u00bb custom_padding=\u00a0\u00bb118px||0px||false|false\u00a0\u00bb custom_padding_tablet=\u00a0\u00bb100px||0px||false|false\u00a0\u00bb custom_padding_phone=\u00a0\u00bb90px||0px||false|false\u00a0\u00bb global_module=\u00a0\u00bb196&Prime; saved_tabs=\u00a0\u00bball\u00a0\u00bb global_colors_info=\u00a0\u00bb{}\u00a0\u00bb][et_pb_row _builder_version=\u00a0\u00bb4.22.1&Prime; _module_preset=\u00a0\u00bbdefault\u00a0\u00bb max_width=\u00a0\u00bb870px\u00a0\u00bb custom_margin=\u00a0\u00bb0px||53px||false|false\u00a0\u00bb global_colors_info=\u00a0\u00bb{}\u00a0\u00bb][et_pb_column type=\u00a0\u00bb4_4&Prime; _builder_version=\u00a0\u00bb4.22.1&Prime; _module_preset=\u00a0\u00bbdefault\u00a0\u00bb global_colors_info=\u00a0\u00bb{}\u00a0\u00bb][et_pb_text _builder_version=\u00a0\u00bb4.24.0&Prime; _module_preset=\u00a0\u00bbdefault\u00a0\u00bb text_orientation=\u00a0\u00bbcenter\u00a0\u00bb background_layout=\u00a0\u00bbdark\u00a0\u00bb global_colors_info=\u00a0\u00bb{}\u00a0\u00bb]<\/p>\n<h4>INTERESSE ?<\/h4>\n<p>[\/et_pb_text][et_pb_text _builder_version=\u00a0\u00bb4.24.0&Prime; _module_preset=\u00a0\u00bbdefault\u00a0\u00bb text_orientation=\u00a0\u00bbcenter\u00a0\u00bb background_layout=\u00a0\u00bbdark\u00a0\u00bb global_colors_info=\u00a0\u00bb{}\u00a0\u00bb]<\/p>\n<h2>NOUS ATTENDONS AVEC IMPATIENCE QUE VOUS NOUS CONTACTIEZ<\/h2>\n<p>[\/et_pb_text][et_pb_text _builder_version=\u00a0\u00bb4.24.0&Prime; _module_preset=\u00a0\u00bbdefault\u00a0\u00bb text_orientation=\u00a0\u00bbcenter\u00a0\u00bb background_layout=\u00a0\u00bbdark\u00a0\u00bb custom_margin=\u00a0\u00bb0px||||false|false\u00a0\u00bb global_colors_info=\u00a0\u00bb{}\u00a0\u00bb]<\/p>\n<p>Faites confiance \u00e0 Auto Maxl AG, votre premier point de contact pour la vente de v\u00e9hicules. D\u00e9couvrez la qualit\u00e9, la fiabilit\u00e9 et l&rsquo;excellence du service &#8211; le tout sous un m\u00eame toit. Nous sommes impatients de vous aider \u00e0 conqu\u00e9rir les routes au volant de la voiture de vos r\u00eaves.<\/p>\n<p>[\/et_pb_text][et_pb_button button_url=\u00a0\u00bbhttps:\/\/automaxl.ch\/kontakt\/\u00a0\u00bb button_text=\u00a0\u00bbPrendre contact\u00a0\u00bb button_alignment=\u00a0\u00bbcenter\u00a0\u00bb _builder_version=\u00a0\u00bb4.24.2&Prime; _module_preset=\u00a0\u00bbdefault\u00a0\u00bb custom_button=\u00a0\u00bbon\u00a0\u00bb button_text_size=\u00a0\u00bb15px\u00a0\u00bb button_text_color=\u00a0\u00bb#FFFFFF\u00a0\u00bb button_bg_color=\u00a0\u00bb#ff3131&Prime; button_border_radius=\u00a0\u00bb100px\u00a0\u00bb button_letter_spacing=\u00a0\u00bb0.11px\u00a0\u00bb button_font=\u00a0\u00bbManrope|||on|||||\u00a0\u00bb button_icon=\u00a0\u00bb&#xf073;||fa||400&Prime; button_on_hover=\u00a0\u00bboff\u00a0\u00bb custom_margin=\u00a0\u00bb25px||0px||false|false\u00a0\u00bb custom_padding=\u00a0\u00bb9px|55px|9px|40px|false|false\u00a0\u00bb global_colors_info=\u00a0\u00bb{}\u00a0\u00bb button_bg_color__hover_enabled=\u00a0\u00bbon|desktop\u00a0\u00bb button_bg_color__hover=\u00a0\u00bb#FFFFFF\u00a0\u00bb button_bg_enable_color__hover=\u00a0\u00bbon\u00a0\u00bb button_text_color__hover_enabled=\u00a0\u00bbon|hover\u00a0\u00bb button_text_color__hover=\u00a0\u00bb#30373e\u00a0\u00bb][\/et_pb_button][\/et_pb_column][\/et_pb_row][et_pb_row _builder_version=\u00a0\u00bb4.22.1&Prime; _module_preset=\u00a0\u00bbdefault\u00a0\u00bb custom_padding=\u00a0\u00bb32px||32px||false|false\u00a0\u00bb border_width_top=\u00a0\u00bb1px\u00a0\u00bb border_color_top=\u00a0\u00bb#434a52&Prime; global_colors_info=\u00a0\u00bb{}\u00a0\u00bb][et_pb_column type=\u00a0\u00bb4_4&Prime; _builder_version=\u00a0\u00bb4.22.1&Prime; _module_preset=\u00a0\u00bbdefault\u00a0\u00bb global_colors_info=\u00a0\u00bb{}\u00a0\u00bb][\/et_pb_column][\/et_pb_row][\/et_pb_section]<\/p>\n","protected":false},"excerpt":{"rendered":"<p>Tout sur la voitureVotre partenaire pour des v\u00e9hicules jeunes et bien entretenus !Notre offre : L&rsquo;un des meilleurs rapports qualit\u00e9-prix de Suisse ! Top conditions de leasing &#8211; actuellement \u00e0 partir de 3,99%. Des prix d&rsquo;achat et de reprise \u00e9quitables ! Achat sur place ou en ligne avec enl\u00e8vement sur place ou livraison en option [&hellip;]<\/p>\n","protected":false},"author":1,"featured_media":0,"parent":0,"menu_order":0,"comment_status":"closed","ping_status":"closed","template":"","meta":{"_et_pb_use_builder":"on","_et_pb_old_content":"","_et_gb_content_width":"","footnotes":""},"dipi_cpt_category":[],"class_list":["post-1089","page","type-page","status-publish","hentry"],"yoast_head":"<!-- This site is optimized with the Yoast SEO plugin v27.4 - https:\/\/yoast.com\/product\/yoast-seo-wordpress\/ -->\n<title>Services - AUTO MAXL AG<\/title>\n<meta name=\"robots\" content=\"index, follow, max-snippet:-1, max-image-preview:large, max-video-preview:-1\" \/>\n<link rel=\"canonical\" href=\"https:\/\/automaxl.ch\/fr\/services-2\/\" \/>\n<meta property=\"og:locale\" content=\"fr_FR\" \/>\n<meta property=\"og:type\" content=\"article\" \/>\n<meta property=\"og:title\" content=\"Services - AUTO MAXL AG\" \/>\n<meta property=\"og:description\" content=\"Tout sur la voitureVotre partenaire pour des v\u00e9hicules jeunes et bien entretenus !Notre offre : L&#039;un des meilleurs rapports qualit\u00e9-prix de Suisse ! Top conditions de leasing - actuellement \u00e0 partir de 3,99%. Des prix d&#039;achat et de reprise \u00e9quitables ! Achat sur place ou en ligne avec enl\u00e8vement sur place ou livraison en option [&hellip;]\" \/>\n<meta property=\"og:url\" content=\"https:\/\/automaxl.ch\/fr\/services-2\/\" \/>\n<meta property=\"og:site_name\" content=\"AUTO MAXL AG\" \/>\n<meta property=\"article:modified_time\" content=\"2025-09-02T06:36:05+00:00\" \/>\n<meta name=\"twitter:card\" content=\"summary_large_image\" \/>\n<meta name=\"twitter:label1\" content=\"Dur\u00e9e de lecture estim\u00e9e\" \/>\n\t<meta name=\"twitter:data1\" content=\"5 minutes\" \/>\n<script type=\"application\/ld+json\" class=\"yoast-schema-graph\">{\"@context\":\"https:\\\/\\\/schema.org\",\"@graph\":[{\"@type\":\"WebPage\",\"@id\":\"https:\\\/\\\/automaxl.ch\\\/fr\\\/services-2\\\/\",\"url\":\"https:\\\/\\\/automaxl.ch\\\/fr\\\/services-2\\\/\",\"name\":\"Services - AUTO MAXL AG\",\"isPartOf\":{\"@id\":\"https:\\\/\\\/automaxl.ch\\\/fr\\\/#website\"},\"datePublished\":\"2025-06-04T07:25:15+00:00\",\"dateModified\":\"2025-09-02T06:36:05+00:00\",\"breadcrumb\":{\"@id\":\"https:\\\/\\\/automaxl.ch\\\/fr\\\/services-2\\\/#breadcrumb\"},\"inLanguage\":\"fr-FR\",\"potentialAction\":[{\"@type\":\"ReadAction\",\"target\":[\"https:\\\/\\\/automaxl.ch\\\/fr\\\/services-2\\\/\"]}]},{\"@type\":\"BreadcrumbList\",\"@id\":\"https:\\\/\\\/automaxl.ch\\\/fr\\\/services-2\\\/#breadcrumb\",\"itemListElement\":[{\"@type\":\"ListItem\",\"position\":1,\"name\":\"Startseite\",\"item\":\"https:\\\/\\\/automaxl.ch\\\/fr\\\/accueil\\\/\"},{\"@type\":\"ListItem\",\"position\":2,\"name\":\"Services\"}]},{\"@type\":\"WebSite\",\"@id\":\"https:\\\/\\\/automaxl.ch\\\/fr\\\/#website\",\"url\":\"https:\\\/\\\/automaxl.ch\\\/fr\\\/\",\"name\":\"AUTO MAXL AG\",\"description\":\"Ihr Autohandel in St.Gallen\",\"potentialAction\":[{\"@type\":\"SearchAction\",\"target\":{\"@type\":\"EntryPoint\",\"urlTemplate\":\"https:\\\/\\\/automaxl.ch\\\/fr\\\/?s={search_term_string}\"},\"query-input\":{\"@type\":\"PropertyValueSpecification\",\"valueRequired\":true,\"valueName\":\"search_term_string\"}}],\"inLanguage\":\"fr-FR\"}]}<\/script>\n<!-- \/ Yoast SEO plugin. -->","yoast_head_json":{"title":"Services - AUTO MAXL AG","robots":{"index":"index","follow":"follow","max-snippet":"max-snippet:-1","max-image-preview":"max-image-preview:large","max-video-preview":"max-video-preview:-1"},"canonical":"https:\/\/automaxl.ch\/fr\/services-2\/","og_locale":"fr_FR","og_type":"article","og_title":"Services - AUTO MAXL AG","og_description":"Tout sur la voitureVotre partenaire pour des v\u00e9hicules jeunes et bien entretenus !Notre offre : L'un des meilleurs rapports qualit\u00e9-prix de Suisse ! Top conditions de leasing - actuellement \u00e0 partir de 3,99%. Des prix d'achat et de reprise \u00e9quitables ! Achat sur place ou en ligne avec enl\u00e8vement sur place ou livraison en option [&hellip;]","og_url":"https:\/\/automaxl.ch\/fr\/services-2\/","og_site_name":"AUTO MAXL AG","article_modified_time":"2025-09-02T06:36:05+00:00","twitter_card":"summary_large_image","twitter_misc":{"Dur\u00e9e de lecture estim\u00e9e":"5 minutes"},"schema":{"@context":"https:\/\/schema.org","@graph":[{"@type":"WebPage","@id":"https:\/\/automaxl.ch\/fr\/services-2\/","url":"https:\/\/automaxl.ch\/fr\/services-2\/","name":"Services - AUTO MAXL AG","isPartOf":{"@id":"https:\/\/automaxl.ch\/fr\/#website"},"datePublished":"2025-06-04T07:25:15+00:00","dateModified":"2025-09-02T06:36:05+00:00","breadcrumb":{"@id":"https:\/\/automaxl.ch\/fr\/services-2\/#breadcrumb"},"inLanguage":"fr-FR","potentialAction":[{"@type":"ReadAction","target":["https:\/\/automaxl.ch\/fr\/services-2\/"]}]},{"@type":"BreadcrumbList","@id":"https:\/\/automaxl.ch\/fr\/services-2\/#breadcrumb","itemListElement":[{"@type":"ListItem","position":1,"name":"Startseite","item":"https:\/\/automaxl.ch\/fr\/accueil\/"},{"@type":"ListItem","position":2,"name":"Services"}]},{"@type":"WebSite","@id":"https:\/\/automaxl.ch\/fr\/#website","url":"https:\/\/automaxl.ch\/fr\/","name":"AUTO MAXL AG","description":"Ihr Autohandel in St.Gallen","potentialAction":[{"@type":"SearchAction","target":{"@type":"EntryPoint","urlTemplate":"https:\/\/automaxl.ch\/fr\/?s={search_term_string}"},"query-input":{"@type":"PropertyValueSpecification","valueRequired":true,"valueName":"search_term_string"}}],"inLanguage":"fr-FR"}]}},"_links":{"self":[{"href":"https:\/\/automaxl.ch\/fr\/wp-json\/wp\/v2\/pages\/1089","targetHints":{"allow":["GET"]}}],"collection":[{"href":"https:\/\/automaxl.ch\/fr\/wp-json\/wp\/v2\/pages"}],"about":[{"href":"https:\/\/automaxl.ch\/fr\/wp-json\/wp\/v2\/types\/page"}],"author":[{"embeddable":true,"href":"https:\/\/automaxl.ch\/fr\/wp-json\/wp\/v2\/users\/1"}],"replies":[{"embeddable":true,"href":"https:\/\/automaxl.ch\/fr\/wp-json\/wp\/v2\/comments?post=1089"}],"version-history":[{"count":2,"href":"https:\/\/automaxl.ch\/fr\/wp-json\/wp\/v2\/pages\/1089\/revisions"}],"predecessor-version":[{"id":1091,"href":"https:\/\/automaxl.ch\/fr\/wp-json\/wp\/v2\/pages\/1089\/revisions\/1091"}],"wp:attachment":[{"href":"https:\/\/automaxl.ch\/fr\/wp-json\/wp\/v2\/media?parent=1089"}],"wp:term":[{"taxonomy":"dipi_cpt_category","embeddable":true,"href":"https:\/\/automaxl.ch\/fr\/wp-json\/wp\/v2\/dipi_cpt_category?post=1089"}],"curies":[{"name":"wp","href":"https:\/\/api.w.org\/{rel}","templated":true}]}}